{"id":9,"date":"2015-12-11T15:29:08","date_gmt":"2015-12-11T15:29:08","guid":{"rendered":"http:\/\/localhost\/Dropbox\/site\/redttu\/es\/?page_id=9"},"modified":"2026-04-09T16:11:23","modified_gmt":"2026-04-09T21:11:23","slug":"nosotros","status":"publish","type":"page","link":"https:\/\/www.redttu.edu.co\/es\/nosotros\/","title":{"rendered":"Nosotros"},"content":{"rendered":"<p><div class=\"fusion-fullwidth fullwidth-box fusion-builder-row-1 nonhundred-percent-fullwidth non-hundred-percent-height-scrolling\" style=\"--awb-border-radius-top-left:0px;--awb-border-radius-top-right:0px;--awb-border-radius-bottom-right:0px;--awb-border-radius-bottom-left:0px;--awb-flex-wrap:wrap;\" ><div class=\"fusion-builder-row fusion-row\"><div class=\"fusion-layout-column fusion_builder_column fusion-builder-column-0 fusion_builder_column_1_1 1_1 fusion-one-full fusion-column-first fusion-column-last\" style=\"--awb-bg-size:cover;\"><div class=\"fusion-column-wrapper fusion-column-has-shadow fusion-flex-column-wrapper-legacy\"><div class=\"fusion-video fusion-youtube fusion-aligncenter\" style=\"--awb-max-width:600px;--awb-max-height:360px;--awb-width:100%;\" data-autoplay=\"1\"><div class=\"video-shortcode\"><div class=\"fluid-width-video-wrapper\" style=\"padding-top:60%;\" ><iframe title=\"YouTube video player 1\" src=\"https:\/\/www.youtube.com\/embed\/uKzeQrULH9Q?wmode=transparent&autoplay=0\" width=\"600\" height=\"360\" allowfullscreen allow=\"autoplay; fullscreen\"><\/iframe><\/div><\/div><\/div><div class=\"fusion-clearfix\"><\/div><\/div><\/div><\/div><\/div><div class=\"fusion-fullwidth fullwidth-box fusion-builder-row-2 nonhundred-percent-fullwidth non-hundred-percent-height-scrolling\" style=\"--awb-background-position:left top;--awb-border-sizes-top:0px;--awb-border-sizes-bottom:0px;--awb-border-sizes-left:0px;--awb-border-sizes-right:0px;--awb-border-radius-top-left:0px;--awb-border-radius-top-right:0px;--awb-border-radius-bottom-right:0px;--awb-border-radius-bottom-left:0px;--awb-padding-top:20px;--awb-padding-bottom:20px;--awb-flex-wrap:wrap;\" ><div class=\"fusion-builder-row fusion-row\"><div class=\"fusion-layout-column fusion_builder_column fusion-builder-column-1 fusion_builder_column_1_1 1_1 fusion-one-full fusion-column-first fusion-column-last fusion-column-no-min-height\" style=\"--awb-bg-size:cover;--awb-margin-bottom:0px;\"><div class=\"fusion-column-wrapper fusion-flex-column-wrapper-legacy\"><div class=\"fusion-tabs fusion-tabs-1 classic nav-is-justified horizontal-tabs icon-position-left mobile-mode-accordion\" style=\"--awb-title-border-radius-top-left:0px;--awb-title-border-radius-top-right:0px;--awb-title-border-radius-bottom-right:0px;--awb-title-border-radius-bottom-left:0px;--awb-alignment:start;--awb-inactive-color:#f1f2f2;--awb-background-color:#ffffff;--awb-border-color:#ebeaea;--awb-active-border-color:#a0ce4e;\"><div class=\"nav\"><ul class=\"nav-tabs nav-justified\" role=\"tablist\"><li class=\"active\" role=\"presentation\"><a class=\"tab-link\" data-toggle=\"tab\" role=\"tab\" aria-controls=\"tab-f028b661747287589bf\" aria-selected=\"true\" id=\"fusion-tab-sobrelared\" href=\"#tab-f028b661747287589bf\"><h4 class=\"fusion-tab-heading\">Sobre la red<\/h4><\/a><\/li><li role=\"presentation\"><a class=\"tab-link\" data-toggle=\"tab\" role=\"tab\" aria-controls=\"tab-bfe495fd48798cbfe0c\" aria-selected=\"false\" tabindex=\"-1\" id=\"fusion-tab-plandeacci\u00f3n\" href=\"#tab-bfe495fd48798cbfe0c\"><h4 class=\"fusion-tab-heading\">Plan de acci\u00f3n<\/h4><\/a><\/li><li role=\"presentation\"><a class=\"tab-link\" data-toggle=\"tab\" role=\"tab\" aria-controls=\"tab-94dfd8cbc553a98e3bb\" aria-selected=\"false\" tabindex=\"-1\" id=\"fusion-tab-estatutos\" href=\"#tab-94dfd8cbc553a98e3bb\"><h4 class=\"fusion-tab-heading\"><i class=\"fontawesome-icon fa-book fas\" aria-hidden=\"true\" style=\"font-size:13px;\"><\/i>Estatutos<\/h4><\/a><\/li><li role=\"presentation\"><a class=\"tab-link\" data-toggle=\"tab\" role=\"tab\" aria-controls=\"tab-ad543721ef1546b6a7a\" aria-selected=\"false\" tabindex=\"-1\" id=\"fusion-tab-historia\" href=\"#tab-ad543721ef1546b6a7a\"><h4 class=\"fusion-tab-heading\">Historia<\/h4><\/a><\/li><li role=\"presentation\"><a class=\"tab-link\" data-toggle=\"tab\" role=\"tab\" aria-controls=\"tab-46da2e9d3662b987043\" aria-selected=\"false\" tabindex=\"-1\" id=\"fusion-tab-default\" href=\"#tab-46da2e9d3662b987043\"><h4 class=\"fusion-tab-heading\">default<\/h4><\/a><\/li><\/ul><\/div><div class=\"tab-content\"><div class=\"nav fusion-mobile-tab-nav\"><ul class=\"nav-tabs nav-justified\" role=\"tablist\"><li class=\"active\" role=\"presentation\"><a class=\"tab-link\" data-toggle=\"tab\" role=\"tab\" aria-controls=\"tab-f028b661747287589bf\" aria-selected=\"true\" id=\"mobile-fusion-tab-sobrelared\" href=\"#tab-f028b661747287589bf\"><h4 class=\"fusion-tab-heading\">Sobre la red<\/h4><\/a><\/li><\/ul><\/div><div class=\"tab-pane fade fusion-clearfix in active\" role=\"tabpanel\" tabindex=\"0\" aria-labelledby=\"fusion-tab-sobrelared\" id=\"tab-f028b661747287589bf\">\n<h1 style=\"text-align: center;\">SOBRE LA REDTTU<\/h1>\n<p style=\"text-align: justify;\">La <strong>REDTTU<\/strong> es una Red Colombiana de colaboraci\u00f3n entre Instituciones de Educaci\u00f3n Superior, de car\u00e1cter t\u00e9cnicas profesionales, tecnol\u00f3gicas y universitarias p\u00fablicas \u2013ITTU\u2013 que busca fortalecer la Educaci\u00f3n T\u00e9cnica Profesional y Tecnol\u00f3gica, como eje fundamental de la competitividad y el desarrollo del pa\u00eds.<\/p>\n<p style=\"text-align: justify;\">La <strong>REDTTU<\/strong> es una entidad de derecho privado sin \u00e1nimo de lucro, de car\u00e1cter gremial y acad\u00e9mico, con Personer\u00eda Jur\u00eddica No. S0037197 del 11 de junio de 2010 expedida por la Alcald\u00eda Mayor de Bogot\u00e1. NIT: 900.363.070-8<\/p>\n<h1 style=\"text-align: center;\">\u00d3RGANOS DE DIRECCI\u00d3N Y ADMINISTRACI\u00d3N DE LA REDTTU<\/h1>\n<p>Los \u00f3rganos de direcci\u00f3n y administraci\u00f3n de LA RED DE INSTITUCIONES T\u00c9CNICAS PROFESIONALES, TECNOL\u00d3GICAS Y UNIVERSITARIAS P\u00daBLICAS, ser\u00e1n los siguientes:<\/p>\n<ol>\n<li>Asamblea de Rectores<\/li>\n<li>Consejo Directivo<\/li>\n<li>Director Ejecutivo<\/li>\n<\/ol>\n<h1 style=\"text-align: center;\">ESTRUCTURA ORG\u00c1NICA DE LA REDTTU<\/h1>\n<p>La estructura org\u00e1nica de la<strong> REDTTU<\/strong> se rige por lo dispuesto en los art\u00edculos 11, 18 y 23 de los estatutos sociales vigentes.<\/p>\n<h2>Presidente del Consejo Directivo:<\/h2>\n<p>Oscar Orlando Porras Atencia<\/p>\n<h2>Vicepresidente del Consejo Directivo:<\/h2>\n<p>Leonardo Fabio P\u00e9rez Suesc\u00fan<\/p>\n<h2>Director Ejecutivo:<\/h2>\n<p>Gabriel Rueda Delgado<\/p>\n<h2>Consejo Directivo:<\/h2>\n<h3>Miembros Principales<\/h3>\n<div class=\"table-1\">\n<table style=\"height: 190px;\" width=\"1182\">\n<thead>\n<tr>\n<th align=\"left\"><\/th>\n<th align=\"left\"><strong>Instituci\u00f3n<\/strong><\/th>\n<th align=\"left\"><strong>Representante<\/strong><\/th>\n<\/tr>\n<\/thead>\n<tbody>\n<tr>\n<td>1<\/td>\n<td>\n<div class=\"fusion-one-half fusion-layout-column fusion-spacing-yes\"><a href=\"https:\/\/unipaz.edu.co\/\">Instituto Universitario de la Paz &#8211; UNIPAZ<\/a><\/div>\n<\/td>\n<td>Oscar Orlando Porras Atencia (Presidente)<\/td>\n<\/tr>\n<tr>\n<td>2<\/td>\n<td><a href=\"http:\/\/unicaribe.edu.co\">Instituci\u00f3n Universitaria del Caribe Unicaribe<\/a><\/td>\n<td>Leonardo Fabio P\u00e9rez Suesc\u00fan (Vicepresidente)<\/td>\n<\/tr>\n<tr>\n<td>3<\/td>\n<td><a href=\"http:\/\/Uceva.edu.co\">Unidad Central del\u00a0 Valle del Cauca &#8211; UCEVA<\/a><\/td>\n<td>Juan Carlos Urriago Fontal<\/td>\n<\/tr>\n<tr>\n<td>4<\/td>\n<td><a href=\"http:\/\/utede.edu.co\">Instituci\u00f3n Universitaria T\u00e9cnica para el Desarrollo Profesional &#8211; IU Uted\u00e9<\/a><\/td>\n<td>Gustavo Rubio Lozano<\/td>\n<\/tr>\n<tr>\n<td>5<\/td>\n<td><a href=\"https:\/\/iescinoc.edu.co\/\">Colegio Integrado Nacional del Oriente de Caldas &#8211; IES CINOC<\/a><\/td>\n<td>Juan Carlos Loaiza Serna<\/td>\n<\/tr>\n<\/tbody>\n<\/table>\n<\/div>\n<h3>Miembros Suplentes<\/h3>\n<div class=\"table-1\">\n<div class=\"table-1\"><\/div>\n<table style=\"height: 302px;\" width=\"892\">\n<thead>\n<tr>\n<td><strong>\u00a0<\/strong><\/td>\n<td><strong>Instituci\u00f3n<\/strong><\/td>\n<td><strong>Representante<\/strong><\/td>\n<\/tr>\n<\/thead>\n<tbody>\n<tr>\n<td>6<\/td>\n<td>Instituci\u00f3n Universitaria Digital de Antioquia &#8211; IU DIGITAL<\/td>\n<td>Jasson Alberto de la Rosa Isaza<\/td>\n<\/tr>\n<tr>\n<td>7<\/td>\n<td>\u00a0Instituci\u00f3n Universitaria Escuela Nacional del Deporte &#8211; ENDEPORTE<\/td>\n<td>Patricia Mart\u00ednez<\/td>\n<\/tr>\n<tr>\n<td>8<\/td>\n<td>Instituci\u00f3n Universitaria de Barranquilla &#8211; IUB<\/td>\n<td>Juli\u00e1n Arsecio Castro Agudelo<\/td>\n<\/tr>\n<tr>\n<td>9<\/td>\n<td>Instituci\u00f3n Universitaria T\u00e9cnica para el Desarrollo Profesional &#8211; IU Uted\u00e9<\/td>\n<td>Gustavo Adolfo Rubio Lozano<\/td>\n<\/tr>\n<tr>\n<td>10<\/td>\n<td>Unidades Tecnol\u00f3gicas de Santander &#8211; UTS<\/td>\n<td>Omar Lengerke P\u00e9rez<\/td>\n<\/tr>\n<tr>\n<td>11<\/td>\n<td>Instituto Superior de Educaci\u00f3n Rural-ISER<\/td>\n<td>Jos\u00e9 Javier Bustos<\/td>\n<\/tr>\n<\/tbody>\n<\/table>\n<\/div>\n<h2><\/h2>\n<h2>Consejo Consultivo:<\/h2>\n<p><b>Germ\u00e1n Bula Escobar<\/b>: Magistrado del Consejo de Estado y Exministro de Educaci\u00f3n Nacional.<\/p>\n<p><b>Carlos Prasca Mu\u00f1oz: Ex <\/b>Rector de la Universidad del Atl\u00e1ntico, Exsecretario de Educaci\u00f3n del Atl\u00e1ntico, Ex rector del ITSA y miembro fundador de la REDTTU.<\/p>\n<p><b>V\u00edctor Manuel G\u00f3mez: <\/b>Director del Departamento de Sociolog\u00eda de la Universidad Nacional de Colombia, Profesor Asociado de la Facultad de Ciencias Humanas y autor de varios libros sobre educaci\u00f3n y trabajo.<\/p>\n<p><b>Diana Margarita P\u00e9rez: <\/b>Rectora de la Fundaci\u00f3n Universitaria Cafam, Ex vicerrectora de Docencia de la Universidad del Atl\u00e1ntico, Ex directora ejecutiva de la REDTTU, Ex subdirectora de Apoyo a la Gesti\u00f3n de las IES del Ministerio de Educaci\u00f3n Nacional, Exdirectora de @Medell\u00edn.<\/p>\n<h2>\u00c1rea Administrativa<\/h2>\n<p><strong>Director Ejecutivo (representante legal):<\/strong> Gabriel Rueda Delgado<\/p>\n<p><strong>Asistente Administrativa y Financiera:<\/strong> Luisa Fernanda Bermudez Narvaez<\/p>\n<p><strong>Coordinadora de Comunicaciones:\u00a0\u00a0<\/strong>Karen Forero P\u00e1ez<\/p>\n<h2>\u00c1rea\u00a0Contable y\u00a0Fiscal<\/h2>\n<p><strong>Revisor Fiscal:<\/strong> C.P. Angel Alirio Farieta<\/p>\n<p><strong>Contadora:<\/strong> C.P. Adriana\u00a0 Patricia Mart\u00edn<\/p>\n<h1 style=\"text-align: center;\">DISE\u00d1O ORGANIZACIONAL DE LA REDTTU<\/h1>\n<h2>Principios Rectores<\/h2>\n<ul>\n<li>Calidad<\/li>\n<li>Participaci\u00f3n<\/li>\n<li>Internacionalismo<\/li>\n<li>Autonom\u00eda<\/li>\n<li>Responsabilidad social con las comunidades<\/li>\n<li>Equidad<\/li>\n<\/ul>\n<h2>L\u00edneas Funcionales: la REDTTU en acci\u00f3n<\/h2>\n<p>La <strong>REDTTU<\/strong> act\u00faa a trav\u00e9s de cuatro l\u00edneas funcionales:<\/p>\n<ul>\n<li>Representaci\u00f3n gremial<\/li>\n<li>Investigaci\u00f3n<\/li>\n<li>Educaci\u00f3n<\/li>\n<li>Difusi\u00f3n (Debates, foros y conferencias)<\/li>\n<\/ul>\n<h2>Los Dominios de Acci\u00f3n<\/h2>\n<ul>\n<li>Calidad de la educaci\u00f3n superior<\/li>\n<li>Financiaci\u00f3n (Aumento de la base presupuestal de las instituciones)<\/li>\n<li>Auto-sostenibilidad (V\u00eda gesti\u00f3n de proyectos)<\/li>\n<li>Representatividad<\/li>\n<li>Desarrollo tecnol\u00f3gico e innovaci\u00f3n<\/li>\n<\/ul>\n<\/div><div class=\"nav fusion-mobile-tab-nav\"><ul class=\"nav-tabs nav-justified\" role=\"tablist\"><li role=\"presentation\"><a class=\"tab-link\" data-toggle=\"tab\" role=\"tab\" aria-controls=\"tab-bfe495fd48798cbfe0c\" aria-selected=\"false\" tabindex=\"-1\" id=\"mobile-fusion-tab-plandeacci\u00f3n\" href=\"#tab-bfe495fd48798cbfe0c\"><h4 class=\"fusion-tab-heading\">Plan de acci\u00f3n<\/h4><\/a><\/li><\/ul><\/div><div class=\"tab-pane fade fusion-clearfix\" role=\"tabpanel\" tabindex=\"0\" aria-labelledby=\"fusion-tab-plandeacci\u00f3n\" id=\"tab-bfe495fd48798cbfe0c\">\n<h2 style=\"text-align: center;\">EJES DE ACCI\u00d3N<\/h2>\n<p style=\"text-align: justify;\"><strong>Proyecci\u00f3n.<\/strong> La Direcci\u00f3n Ejecutiva se ha trazado como objetivos principales de su gesti\u00f3n durante 2015 continuar avanzando con el proceso de modernizaci\u00f3n del organismo gremial iniciado el pasado a\u00f1o con la aprobaci\u00f3n del nuevo estatuto social de la entidad; consolidar su posici\u00f3n como interlocutor legitimo de las IES que representa ante el Ministerio de Educaci\u00f3n Nacional y sus entidades adscritas o vinculadas y dem\u00e1s entidades oficiales con intereses en el sector; acrecentar su prestigio profesional ante el propio <strong>MEN<\/strong> y agencias de cooperaci\u00f3n internacional, como entidad ejecutora de proyectos de investigaci\u00f3n en el campo de la educaci\u00f3n t\u00e9cnica profesional y tecnol\u00f3gica; asegurar la sostenibilidad de la <strong>REDTTU<\/strong> mediante la adopci\u00f3n de mecanismos de autogesti\u00f3n econ\u00f3mica e impulsar la b\u00fasqueda de fuentes financieras de naturaleza p\u00fablica que contribuyan a aumentar la base presupuestal de las instituciones afiliadas a la <strong>REDTTU<\/strong>. Los prop\u00f3sitos anteriores que animan a la Direcci\u00f3n Ejecutiva, solo podr\u00e1n ser transformados en resultados positivos para la <strong>REDTTU<\/strong> mediante la combinaci\u00f3n de talento y compromiso con la Asamblea General de Rectores, el Consejo Directivo y la comunidad de instituciones afiliadas.<\/p>\n<h2 style=\"text-align: center;\">L\u00cdNEAS DE ACCI\u00d3N<\/h2>\n<h3>En lo financiero:<\/h3>\n<p>Explorar nuevas l\u00edneas de financiamiento que aumente la base presupuestal de las instituciones afiliadas a la <strong>REDTTU<\/strong>, mediante:<\/p>\n<ul>\n<li>Transferencias del Presupuesto General de la Naci\u00f3n<\/li>\n<li>Aportes derivados de la Ley 1607 de 2012 (Recursos CREE)<\/li>\n<li>Recursos del Sistema General de Regal\u00edas<\/li>\n<li>Recursos del Fodesep o de la nueva entidad que la reemplaza<\/li>\n<li>Recursos derivados por devoluci\u00f3n o compensaci\u00f3n de la Ley 403 de 1997 (ley electoral)<\/li>\n<li>Recursos derivados por devoluci\u00f3n o compensaci\u00f3n de la Ley 181 de 1995. (ley del deporte)<\/li>\n<li>Recursos obtenidos por el \u00e9xito de la demanda de la Ley 1697 de 2013 (estampilla UN y dem\u00e1s universidades estatales)<\/li>\n<li>Aportes de los gobiernos locales y departamentales<\/li>\n<\/ul>\n<h3>Calidad de la educaci\u00f3n superior:<\/h3>\n<ul>\n<li>Proponer como meta que las IES afiliadas a la <strong>REDTTU<\/strong> alcancen los m\u00e1s altos niveles de acreditaci\u00f3n institucional y aprobaci\u00f3n de registros calificados, mediante:<\/li>\n<li>Activa participaci\u00f3n en la implementaci\u00f3n del programa \u201cNuevos lineamientos para la acreditaci\u00f3n institucional\u201d promovido por el Ministerio de Educaci\u00f3n Nacional y el CNA<\/li>\n<li>Activa participaci\u00f3n en el dise\u00f1o e implementaci\u00f3n del Sistema de Educaci\u00f3n Terciaria promovido por el MEN<\/li>\n<li>Persistir en nuestra petici\u00f3n elevada desde el a\u00f1o pasado al MEN de subsanar el vac\u00edo existente hoy despu\u00e9s del cierre de la sala especializada en T&amp;T<\/li>\n<li>Presentaci\u00f3n de solicitud de selecci\u00f3n e inclusi\u00f3n de comisionados expertos en ITTU para que integren las salas del CONACES. La propuesta ir\u00e1 acompa\u00f1ada de los respectivos perfiles, mecanismo de selecci\u00f3n de candidatos elaborada por la <strong>REDTTU<\/strong> y n\u00famero de comisionados seg\u00fan las especialidades de las distintas salas<\/li>\n<\/ul>\n<h3>Auto-sostenibilidad:<\/h3>\n<p>Asegurar la sostenibilidad de la <strong>REDTTU<\/strong> principalmente por la v\u00eda de gesti\u00f3n de proyectos de investigaci\u00f3n, consultor\u00eda, gerencia, ejecuci\u00f3n o evaluaci\u00f3n de proyectos en beneficio de las IES asociadas y de la comunidad acad\u00e9mica, optando por recursos de:<\/p>\n<ul>\n<li>Colciencias<\/li>\n<li>Icetex<\/li>\n<li>Icfes<\/li>\n<li>Sena<\/li>\n<li>MEN<\/li>\n<li>BID<\/li>\n<li>Acuerdo de voluntades firmado con las IES asociadas<\/li>\n<li>Secretar\u00edas de Educaci\u00f3n<\/li>\n<li>Agencias de Cooperaci\u00f3n Internacional<\/li>\n<li>Empresa privada<\/li>\n<\/ul>\n<h3>Representaci\u00f3n gremial:<\/h3>\n<p>Obtener para la <strong>REDTTU<\/strong> mayor reconocimiento nacional e internacional, por medio de:<\/p>\n<ul>\n<li>Estatus de organismo consultor del Ministerio de Educaci\u00f3n Nacional<\/li>\n<li>Representaci\u00f3n ante el CESU<\/li>\n<li>Representaci\u00f3n en las salas del CONACES<\/li>\n<li>Afiliaci\u00f3n de nuevas instituciones<\/li>\n<li>Calidad de miembro de organismos internacionales de educaci\u00f3n t\u00e9cnica y tecnol\u00f3gica<\/li>\n<li>Convenios de cooperaci\u00f3n nacionales e internacionales<\/li>\n<li>Misiones acad\u00e9micas y de intercambio<\/li>\n<li>Estudios t\u00e9cnicos y de coyuntura<\/li>\n<\/ul>\n<h3>Educaci\u00f3n Superior:<\/h3>\n<p>Propender por el cumplimiento de las metas establecidas en el Plan Nacional de Desarrollo (2014-2018) y en el Plan Nacional Decenal de Educaci\u00f3n (2006-2016), mediante los siguientes indicadores:<\/p>\n<ul>\n<li>Acreditaci\u00f3n de alta calidad<\/li>\n<li>Ampliaci\u00f3n de cobertura (duplicar la matricula del a\u00f1o base)<\/li>\n<li>Acceso y permanencia de estudiantes matriculados<\/li>\n<li>Desarrollo de pol\u00edticas de ciencia, tecnolog\u00edas de la informaci\u00f3n y las comunicaciones, investigaci\u00f3n, innovaci\u00f3n y emprendimiento<\/li>\n<li>Aumento del gasto p\u00fablico en educaci\u00f3n t\u00e9cnica y tecnol\u00f3gica<\/li>\n<\/ul>\n<h3>Portafolio de proyectos:<\/h3>\n<p>Hist\u00f3rico<\/p>\n<ul>\n<li><strong>ICFES:<\/strong> 2011, 2012 y 2014<br \/>\nFormulaci\u00f3n de especificaciones de prueba para los ex\u00e1menes de Estado por \u00e1reas de formaci\u00f3n, en el nivel de educaci\u00f3n T\u00e9cnico Profesional y Tecnol\u00f3gico.<\/li>\n<li><strong>Ministerio de Educaci\u00f3n Nacional:<\/strong> 2012<br \/>\nFomento y promoci\u00f3n de la internacionalizaci\u00f3n de la Educaci\u00f3n Superior en las Instituciones de Educaci\u00f3n Superior con oferta de programas T\u00e9cnicos Profesionales y Tecnol\u00f3gicos.<\/li>\n<li><strong>INFOTEP-San Andr\u00e9s:<\/strong> 2012 y 2014<br \/>\nDesarrollo de actividades acad\u00e9micas contenidas con el fin de consolidar los procesos de fomento en la permanencia estudiantil en la instituci\u00f3n.<\/li>\n<li>Prestaci\u00f3n de servicios profesionales para elaboraci\u00f3n de estudio, diagn\u00f3stico, del actual estatuto del INFOTEP, y formulaci\u00f3n del nuevo estatuto general y reglamentos internos requeridos por el Instituto Nacional de Formaci\u00f3n T\u00e9cnica Profesional de San Andr\u00e9s, Islas &#8211; INFOTEP.<\/li>\n<li><strong>Alcald\u00eda de Santa Marta:<\/strong> 2015<br \/>\nPrestaci\u00f3n de servicios profesionales para apoyar a la Secretar\u00eda de Educaci\u00f3n Distrital en la formulaci\u00f3n de alternativas integrales para incrementar la oferta pertinente de Programas e Instituciones de Educaci\u00f3n Superior en el Distrito de Santa Marta.<\/li>\n<\/ul>\n<\/div><div class=\"nav fusion-mobile-tab-nav\"><ul class=\"nav-tabs nav-justified\" role=\"tablist\"><li role=\"presentation\"><a class=\"tab-link\" data-toggle=\"tab\" role=\"tab\" aria-controls=\"tab-94dfd8cbc553a98e3bb\" aria-selected=\"false\" tabindex=\"-1\" id=\"mobile-fusion-tab-estatutos\" href=\"#tab-94dfd8cbc553a98e3bb\"><h4 class=\"fusion-tab-heading\"><i class=\"fontawesome-icon fa-book fas\" aria-hidden=\"true\" style=\"font-size:13px;\"><\/i>Estatutos<\/h4><\/a><\/li><\/ul><\/div><div class=\"tab-pane fade fusion-clearfix\" role=\"tabpanel\" tabindex=\"0\" aria-labelledby=\"fusion-tab-estatutos\" id=\"tab-94dfd8cbc553a98e3bb\">\n<h2 style=\"text-align: center;\">OBJETO Y ACTIVIDADES DE LA REDTTU<\/h2>\n<p><strong>OBJETO SOCIAL.<\/strong> El objeto social de la RED DE INSTITUCIONES T\u00c9CNICAS PROFESIONALES, TECNOL\u00d3GICAS Y UNIVERSITARIAS P\u00daBLICAS \u2013REDTTU\u2013 propende por el fortalecimiento institucional y acad\u00e9mico de las entidades p\u00fablicas que la conforman, as\u00ed como de la educaci\u00f3n t\u00e9cnica y tecnol\u00f3gica del pa\u00eds como eje fundamental de la competitividad y del desarrollo; busca lograr la integraci\u00f3n de las entidades que la conforman a trav\u00e9s de actividades relacionadas con la academia, la docencia, la investigaci\u00f3n y la extensi\u00f3n, as\u00ed como apoyar la gesti\u00f3n y ejecuci\u00f3n de programas, planes y proyectos del sector p\u00fablico y privado.<\/p>\n<p><strong>Par\u00e1grafo:<\/strong> En desarrollo de su objeto social, la RED DE INSTITUCIONES T\u00c9CNICAS PROFESIONALES, TECNOL\u00d3GICAS Y UNIVERSITARIAS P\u00daBLICAS podr\u00e1:<\/p>\n<ol>\n<li>Promover y facilitar el intercambio acad\u00e9mico de estudiantes, profesores y personal administrativo entre los asociados en la modalidad de pasant\u00edas, transferencias, comisiones, intercambios nacionales e internacionales y dem\u00e1s modalidades que se correspondan con los intereses institucionales de la <strong>REDTTU<\/strong>.<\/li>\n<li>Implementar acciones de cooperaci\u00f3n no reembolsables y gesti\u00f3n de recursos financieros y t\u00e9cnicos para apoyar proyectos educativos de la <strong>REDTTU<\/strong>, buscando estrechar los v\u00ednculos entre los sistemas educativos con diferentes pa\u00edses a trav\u00e9s del intercambio de experiencias significativas.<\/li>\n<li>Coordinar la prestaci\u00f3n de servicios de educaci\u00f3n continua, as\u00ed como de servicios tecnol\u00f3gicos para coadyuvar con la autonom\u00eda de gesti\u00f3n y la independencia econ\u00f3mica de la <strong>REDTTU<\/strong>.<\/li>\n<li>Impulsar el desarrollo de acuerdos de colaboraci\u00f3n con el sector productivo para el mantenimiento y consolidaci\u00f3n de una educaci\u00f3n pertinente y de calidad.<\/li>\n<li>Realizar actividades que favorezcan la plena integraci\u00f3n acad\u00e9mica de las instituciones miembros, especialmente en la ejecuci\u00f3n de programas, planes y proyectos de desarrollo comunes que beneficien a las entidades asociadas.<\/li>\n<li>Promover el fortalecimiento de la Educaci\u00f3n T\u00e9cnica Profesional, Tecnol\u00f3gica y Universitaria.<\/li>\n<li>Emprender acciones coordinadas para desarrollar programas, planes y proyectos de docencia, investigaci\u00f3n y extensi\u00f3n en todos los campos del saber, en beneficio de las entidades asociadas y de la comunidad acad\u00e9mica.<\/li>\n<li>Celebrar contratos o convenios con entidades del sector p\u00fablico y privado, nacionales o internacionales, regionales o territoriales, para administrar recursos destinados a la gerencia, ejecuci\u00f3n o evaluaci\u00f3n de proyectos, conforme a las leyes vigentes.<\/li>\n<li>Celebrar contratos y convenios para el desarrollo de su objeto social, con sujeci\u00f3n a las leyes vigentes, a las normas que rigen a las entidades de este g\u00e9nero y de conformidad con los presentes estatutos.<\/li>\n<li>Ejercer derechos y contraer obligaciones, de acuerdo con su personalidad jur\u00eddica y aceptar donaciones o legados para la realizaci\u00f3n de su objeto social.<\/li>\n<li>Desarrollar actividades de consultor\u00eda tales como gerencia y ejecuci\u00f3n de proyectos en cualquiera de las etapas, financiados con recursos p\u00fablicos o privados, as\u00ed como las dem\u00e1s actividades de consultor\u00eda previstas en la ley, con el apoyo de talento humano calificado.<\/li>\n<li>Propender por la integraci\u00f3n institucional de las entidades miembros, y por el desarrollo acad\u00e9mico, cultural y econ\u00f3mico de la regi\u00f3n donde funcionan las IES asociadas.<\/li>\n<li>Servir como instrumento de gesti\u00f3n y reflexi\u00f3n para contribuir al fortalecimiento del dise\u00f1o de las pol\u00edticas p\u00fablicas de educaci\u00f3n superior en el pa\u00eds.<\/li>\n<li>Realizar actividades para el mejoramiento de la infraestructura de las Instituciones que conforman la <strong>REDTTU<\/strong>, mediante la implementaci\u00f3n de proyectos innovadores que conduzcan al aprovechamiento m\u00e1ximo de infraestructura t\u00e9cnica y tecnol\u00f3gica, en procesos tanto acad\u00e9micos como administrativos.<\/li>\n<li>Adquirir el dominio p\u00fablico <a href=\"http:\/\/www.redttu.com\" target=\"_blank\" rel=\"noopener noreferrer\">www.redttu.com <\/a>con el prop\u00f3sito de difundir la misi\u00f3n y programas de la <strong>REDTTU<\/strong> y promover sus intereses.<\/li>\n<li>Las dem\u00e1s atribuciones que se entienden pertenecer naturalmente a este tipo de entidades.<\/li>\n<\/ol>\n<p><a href=\"https:\/\/www.redttu.edu.co\/es\/wp-content\/uploads\/2023\/12\/ESTATUTO-Y-REGLAMENTOS-REDTTU.pdf\">Estatutos Redttu: Reforma aprobada por la Asamblea Extraordinaria de rectores mediante Acta No. 20 del 21 de septiembre de 2020<\/a><\/p>\n<\/div><div class=\"nav fusion-mobile-tab-nav\"><ul class=\"nav-tabs nav-justified\" role=\"tablist\"><li role=\"presentation\"><a class=\"tab-link\" data-toggle=\"tab\" role=\"tab\" aria-controls=\"tab-ad543721ef1546b6a7a\" aria-selected=\"false\" tabindex=\"-1\" id=\"mobile-fusion-tab-historia\" href=\"#tab-ad543721ef1546b6a7a\"><h4 class=\"fusion-tab-heading\">Historia<\/h4><\/a><\/li><\/ul><\/div><div class=\"tab-pane fade fusion-clearfix\" role=\"tabpanel\" tabindex=\"0\" aria-labelledby=\"fusion-tab-historia\" id=\"tab-ad543721ef1546b6a7a\">\n<h2 style=\"text-align: center;\">HISTORIA DE LA REDTTU<\/h2>\n<p>En el a\u00f1o 2009 el Ministerio de Educaci\u00f3n Nacional con el fin de promover el fortalecimiento de la educaci\u00f3n t\u00e9cnica y tecnol\u00f3gica en Colombia, gener\u00f3 espacios que permit\u00edan la interacci\u00f3n de directivos de instituciones en este nivel de educaci\u00f3n, con el prop\u00f3sito de estructurar propuestas orientadas a incentivar su posicionamiento como eje fundamental de la competitividad y productividad en el pa\u00eds.<\/p>\n<p>A partir de estos escenarios de participaci\u00f3n surgi\u00f3 en septiembre de 2009 la propuesta de conformar una red de colaboraci\u00f3n entre instituciones de educaci\u00f3n superior t\u00e9cnicas y tecnol\u00f3gicas p\u00fablicas, -hoy denominada <strong>REDTTU<\/strong>-, con el fin de promover el fortalecimiento de los aspectos de Docencia, Investigaci\u00f3n, Proyecci\u00f3n Social, Calidad, Gesti\u00f3n e Internacionalizaci\u00f3n de las IES, generando visibilidad, reconocimiento y posicionamiento de la Educaci\u00f3n T\u00e9cnica y Tecnol\u00f3gica, contribuyendo de esta forma con el fortalecimiento del Sistema Educativo Colombiano.<\/p>\n<p>El 19 de marzo de 2010 se realiz\u00f3 en la ciudad de Cartagena la Asamblea de Constituci\u00f3n de la <strong>REDTTU<\/strong> con la participaci\u00f3n de las siguientes Instituciones de Educaci\u00f3n Superior, con car\u00e1cter de socios fundadores:<\/p>\n<blockquote><p>1.- Colegio Integrado Nacional del Oriente de Caldas -CINOC-<\/p>\n<p>2.- Colegio Mayor de Antioquia-COLMAYOR ANTIOQUIA<\/p>\n<p>3.- Instituci\u00f3n Universitaria Mayor de Cartagena &#8211; umayor<\/p>\n<p>4.- Colegio Mayor del Cauca-UNIMAYOR CAUCA<\/p>\n<p>5.- Escuela Tecnol\u00f3gica Instituto T\u00e9cnico Central -ETITC-Bogot\u00e1<\/p>\n<p>6.- Instituto de Educaci\u00f3n T\u00e9cnica Profesional de Roldanillo, Valle -INTEP-<\/p>\n<p>7.- Instituto Nacional de Formaci\u00f3n T\u00e9cnica Profesional de San Andr\u00e9s &#8211; INFOTEP SAN ANDR\u00c9S<\/p>\n<p>8.- Instituto Nacional de Formaci\u00f3n T\u00e9cnica Profesional de Ci\u00e9naga -INFOTEP CIENAGA<\/p>\n<p>9.- Instituto Nacional de Formaci\u00f3n T\u00e9cnica Profesional de San Juan del Cesar -INFOTEP SAN JUAN DEL CESAR-<\/p>\n<p>10.- Instituto Superior de Educaci\u00f3n Rural -ISER-Pamplona, Norte de Santander<\/p>\n<p>11.- Instituto T\u00e9cnico Agr\u00edcola -ITA-Buga, Valle<\/p>\n<p>12.- Instituto T\u00e9cnico Nacional de Comercio -INTENALCO- Cali<\/p>\n<p>13.- Instituci\u00f3n Universitaria de Barranquilla &#8211; IUB &#8211;\u00a0 Barranquilla-<\/p>\n<p>14.- Instituto Tecnol\u00f3gico del Putumayo -ITP-Mocoa<\/p>\n<p>15.- Instituto Tolimense de Formaci\u00f3n T\u00e9cnica Profesional -ITFIP- El Espinal<\/p><\/blockquote>\n<p>En la actualidad son 30 las instituciones afiliadas que componen el universo de las IES-TTU del pa\u00eds, as\u00ed:<\/p>\n<blockquote><p>16.- Conservatorio del Tolima- Ibagu\u00e9<\/p>\n<p>17.- Instituci\u00f3n Universitaria Escuela Nacional del Deporte- ENDEPORTE- Cali<\/p>\n<p>18.- Tecnol\u00f3gico de Artes D\u00e9bora Arango-Envigado<\/p>\n<p>19.- Instituci\u00f3n Universitaria Antonio Jos\u00e9 Camacho-UNIAJC- Cali<\/p>\n<p>20.- Instituci\u00f3n Universitaria Bellas Artes y Ciencias de Bol\u00edvar- UNIBAC-Cartagena<\/p>\n<p>21.- Instituci\u00f3n Universitaria de Envigado-IUE<\/p>\n<p>22.- Instituci\u00f3n Universitaria Pascual Bravo-Medell\u00edn<\/p>\n<p>23.- Instituci\u00f3n Universitaria Tecnol\u00f3gico de Antioquia-TDA-Medell\u00edn<\/p>\n<p>24.- Instituto Departamental de Bellas Artes-Cali<\/p>\n<p>25.- Instituci\u00f3n Universitaria -ITM-Medell\u00edn<\/p>\n<p>26.- Instituto Universitario de La Paz-UNIPAZ -Barrancabermeja<\/p>\n<p>27.- Polit\u00e9cnico Colombiano Jaime Isaza Cadavid-Medell\u00edn<\/p>\n<p>28.- Unidad Central del Valle del Cauca-UCEVA-Tulu\u00e1<\/p>\n<p>29.- Unidades Tecnol\u00f3gicas de Santander \u2013UTS-Bucaramanga<\/p><\/blockquote>\n<\/div><div class=\"nav fusion-mobile-tab-nav\"><ul class=\"nav-tabs nav-justified\" role=\"tablist\"><li role=\"presentation\"><a class=\"tab-link\" data-toggle=\"tab\" role=\"tab\" aria-controls=\"tab-46da2e9d3662b987043\" aria-selected=\"false\" tabindex=\"-1\" id=\"mobile-fusion-tab-default\" href=\"#tab-46da2e9d3662b987043\"><h4 class=\"fusion-tab-heading\">default<\/h4><\/a><\/li><\/ul><\/div><div class=\"tab-pane fade fusion-clearfix\" role=\"tabpanel\" tabindex=\"0\" aria-labelledby=\"fusion-tab-default\" id=\"tab-d553bf5991c69a939bd\">\n<p>Tab content<\/p>\n<\/div><\/div><\/div><div class=\"fusion-clearfix\"><\/div><\/div><\/div><\/div><\/div><div class=\"fusion-fullwidth fullwidth-box fusion-builder-row-3 nonhundred-percent-fullwidth non-hundred-percent-height-scrolling\" style=\"--awb-background-position:left top;--awb-border-sizes-top:0px;--awb-border-sizes-bottom:0px;--awb-border-sizes-left:0px;--awb-border-sizes-right:0px;--awb-border-radius-top-left:0px;--awb-border-radius-top-right:0px;--awb-border-radius-bottom-right:0px;--awb-border-radius-bottom-left:0px;--awb-padding-top:20px;--awb-padding-bottom:20px;--awb-flex-wrap:wrap;\" ><div class=\"fusion-builder-row fusion-row\"><div class=\"fusion-layout-column fusion_builder_column fusion-builder-column-2 fusion_builder_column_1_1 1_1 fusion-one-full fusion-column-first fusion-column-last fusion-column-no-min-height\" style=\"--awb-bg-size:cover;--awb-margin-bottom:0px;\"><div class=\"fusion-column-wrapper fusion-flex-column-wrapper-legacy\"><div class=\"fusion-text fusion-text-1\"><div id=\"attachment_3276\" style=\"width: 3184px\" class=\"wp-caption alignnone\"><img decoding=\"async\" aria-describedby=\"caption-attachment-3276\" class=\"size-full wp-image-3276\" src=\"http:\/\/www.redttu.edu.co\/es\/wp-content\/uploads\/2019\/03\/REDTTU_mapa.jpg\" alt=\"REDTTU_mapa\" width=\"3174\" height=\"5582\" \/><p id=\"caption-attachment-3276\" class=\"wp-caption-text\">REDTTU_mapa<\/p><\/div>\n<\/div><div class=\"fusion-clearfix\"><\/div><\/div><\/div><\/div><\/div><\/p>\n","protected":false},"excerpt":{"rendered":"","protected":false},"author":1,"featured_media":0,"parent":0,"menu_order":0,"comment_status":"closed","ping_status":"closed","template":"","meta":{"footnotes":""},"class_list":["post-9","page","type-page","status-publish","hentry"],"_links":{"self":[{"href":"https:\/\/www.redttu.edu.co\/es\/wp-json\/wp\/v2\/pages\/9","targetHints":{"allow":["GET"]}}],"collection":[{"href":"https:\/\/www.redttu.edu.co\/es\/wp-json\/wp\/v2\/pages"}],"about":[{"href":"https:\/\/www.redttu.edu.co\/es\/wp-json\/wp\/v2\/types\/page"}],"author":[{"embeddable":true,"href":"https:\/\/www.redttu.edu.co\/es\/wp-json\/wp\/v2\/users\/1"}],"replies":[{"embeddable":true,"href":"https:\/\/www.redttu.edu.co\/es\/wp-json\/wp\/v2\/comments?post=9"}],"version-history":[{"count":61,"href":"https:\/\/www.redttu.edu.co\/es\/wp-json\/wp\/v2\/pages\/9\/revisions"}],"predecessor-version":[{"id":7335,"href":"https:\/\/www.redttu.edu.co\/es\/wp-json\/wp\/v2\/pages\/9\/revisions\/7335"}],"wp:attachment":[{"href":"https:\/\/www.redttu.edu.co\/es\/wp-json\/wp\/v2\/media?parent=9"}],"curies":[{"name":"wp","href":"https:\/\/api.w.org\/{rel}","templated":true}]}}