{"id":13,"date":"2015-12-11T15:33:12","date_gmt":"2015-12-11T15:33:12","guid":{"rendered":"http:\/\/localhost\/Dropbox\/site\/redttu\/es\/?page_id=13"},"modified":"2024-03-12T16:05:14","modified_gmt":"2024-03-12T21:05:14","slug":"instituciones","status":"publish","type":"page","link":"https:\/\/www.redttu.edu.co\/es\/instituciones\/","title":{"rendered":"Instituciones"},"content":{"rendered":"<div class=\"fusion-fullwidth fullwidth-box fusion-builder-row-1 nonhundred-percent-fullwidth non-hundred-percent-height-scrolling\" style=\"--awb-background-position:left top;--awb-border-sizes-top:0px;--awb-border-sizes-bottom:0px;--awb-border-sizes-left:0px;--awb-border-sizes-right:0px;--awb-border-radius-top-left:0px;--awb-border-radius-top-right:0px;--awb-border-radius-bottom-right:0px;--awb-border-radius-bottom-left:0px;--awb-padding-top:40px;--awb-padding-bottom:20px;--awb-flex-wrap:wrap;\" ><div class=\"fusion-builder-row fusion-row\"><div class=\"fusion-layout-column fusion_builder_column fusion-builder-column-0 fusion_builder_column_1_1 1_1 fusion-one-full fusion-column-first fusion-column-last fusion-column-no-min-height\" style=\"--awb-bg-size:cover;--awb-margin-bottom:0px;\"><div class=\"fusion-column-wrapper fusion-flex-column-wrapper-legacy\"><div class=\"fusion-recent-works fusion-portfolio-element fusion-portfolio fusion-portfolio-1 fusion-portfolio-grid fusion-portfolio-paging-infinite fusion-portfolio-three fusion-portfolio-no_text\" data-id=\"-rw-1\" data-columns=\"three\"><style type=\"text\/css\">.fusion-portfolio-1 .fusion-portfolio-wrapper .fusion-col-spacing{padding:6px;}<\/style><div class=\"fusion-portfolio-wrapper\" id=\"fusion-portfolio-1\" data-picturesize=\"auto\" data-pages=\"2\" style=\"margin:-6px;\"><article id=\"portfolio-1-post-7295\" class=\"fusion-portfolio-post institucion_universitaria fusion-col-spacing post-7295\"><div class=\"fusion-portfolio-content-wrapper\" style=\"border:none;\"><span class=\"entry-title rich-snippet-hidden\">instituci\u00f3n Universitaria P\u00fablica de Bello &#8211; IUPB<\/span><span class=\"vcard rich-snippet-hidden\"><span class=\"fn\"><a href=\"https:\/\/www.redttu.edu.co\/es\/author\/comunicaciones\/\" title=\"Entradas de Comunicaciones\" rel=\"author\">Comunicaciones<\/a><\/span><\/span><span class=\"updated rich-snippet-hidden\">2026-04-21T16:58:03-05:00<\/span><div  class=\"fusion-image-wrapper\" aria-haspopup=\"true\">\n\t\t\t\t\t\t\t<a href=\"https:\/\/www.redttu.edu.co\/es\/portfolio-items\/institucion-universitaria-publica-de-bello-iupb\/\" aria-label=\"instituci\u00f3n Universitaria P\u00fablica de Bello &#8211; IUPB\">\n\t\t\t\t\t\t\t<img decoding=\"async\" width=\"636\" height=\"385\" src=\"https:\/\/www.redttu.edu.co\/es\/wp-content\/uploads\/2024\/10\/Logo-IUPB.png\" class=\"attachment-full size-full wp-post-image\" alt=\"\" srcset=\"https:\/\/www.redttu.edu.co\/es\/wp-content\/uploads\/2024\/10\/Logo-IUPB-200x121.png 200w, https:\/\/www.redttu.edu.co\/es\/wp-content\/uploads\/2024\/10\/Logo-IUPB-400x242.png 400w, https:\/\/www.redttu.edu.co\/es\/wp-content\/uploads\/2024\/10\/Logo-IUPB-600x363.png 600w, https:\/\/www.redttu.edu.co\/es\/wp-content\/uploads\/2024\/10\/Logo-IUPB.png 636w\" sizes=\"(min-width: 2200px) 100vw, (min-width: 824px) 359px, (min-width: 732px) 538px, (min-width: 640px) 732px, \" \/>\t\t\t<\/a>\n\t\t\t\t\t\t\t<\/div>\n<\/div><\/article><article id=\"portfolio-1-post-7292\" class=\"fusion-portfolio-post institucion_universitaria fusion-col-spacing post-7292\"><div class=\"fusion-portfolio-content-wrapper\" style=\"border:none;\"><span class=\"entry-title rich-snippet-hidden\">Instituci\u00f3n Universitaria de las Culturas y las Artes Populares  IU IPC<\/span><span class=\"vcard rich-snippet-hidden\"><span class=\"fn\"><a href=\"https:\/\/www.redttu.edu.co\/es\/author\/comunicaciones\/\" title=\"Entradas de Comunicaciones\" rel=\"author\">Comunicaciones<\/a><\/span><\/span><span class=\"updated rich-snippet-hidden\">2025-04-08T17:43:48-05:00<\/span><div  class=\"fusion-image-wrapper\" aria-haspopup=\"true\">\n\t\t\t\t\t\t\t<a href=\"https:\/\/www.redttu.edu.co\/es\/portfolio-items\/institucion-universitaria-de-las-culturas-y-las-artes-populares-iu-ipc\/\" aria-label=\"Instituci\u00f3n Universitaria de las Culturas y las Artes Populares  IU IPC\">\n\t\t\t\t\t\t\t<img decoding=\"async\" width=\"669\" height=\"373\" src=\"https:\/\/www.redttu.edu.co\/es\/wp-content\/uploads\/2025\/04\/Logo-IU-IPC.png\" class=\"attachment-full size-full wp-post-image\" alt=\"\" srcset=\"https:\/\/www.redttu.edu.co\/es\/wp-content\/uploads\/2025\/04\/Logo-IU-IPC-200x112.png 200w, https:\/\/www.redttu.edu.co\/es\/wp-content\/uploads\/2025\/04\/Logo-IU-IPC-400x223.png 400w, https:\/\/www.redttu.edu.co\/es\/wp-content\/uploads\/2025\/04\/Logo-IU-IPC-600x335.png 600w, https:\/\/www.redttu.edu.co\/es\/wp-content\/uploads\/2025\/04\/Logo-IU-IPC.png 669w\" sizes=\"(min-width: 2200px) 100vw, (min-width: 824px) 359px, (min-width: 732px) 538px, (min-width: 640px) 732px, \" \/>\t\t\t<\/a>\n\t\t\t\t\t\t\t<\/div>\n<\/div><\/article><article id=\"portfolio-1-post-7289\" class=\"fusion-portfolio-post institucion_universitaria fusion-col-spacing post-7289\"><div class=\"fusion-portfolio-content-wrapper\" style=\"border:none;\"><span class=\"entry-title rich-snippet-hidden\">Instituci\u00f3n Universitaria de Santa Marta &#8211; IUSM<\/span><span class=\"vcard rich-snippet-hidden\"><span class=\"fn\"><a href=\"https:\/\/www.redttu.edu.co\/es\/author\/comunicaciones\/\" title=\"Entradas de Comunicaciones\" rel=\"author\">Comunicaciones<\/a><\/span><\/span><span class=\"updated rich-snippet-hidden\">2026-04-21T17:02:39-05:00<\/span><div  class=\"fusion-image-wrapper\" aria-haspopup=\"true\">\n\t\t\t\t\t\t\t<a href=\"https:\/\/www.redttu.edu.co\/es\/portfolio-items\/institucion-universitaria-de-santa-marta\/\" aria-label=\"Instituci\u00f3n Universitaria de Santa Marta &#8211; IUSM\">\n\t\t\t\t\t\t\t<img decoding=\"async\" width=\"1125\" height=\"834\" src=\"https:\/\/www.redttu.edu.co\/es\/wp-content\/uploads\/2025\/04\/12-logo-horizontal-azul.png\" class=\"attachment-full size-full wp-post-image\" alt=\"\" srcset=\"https:\/\/www.redttu.edu.co\/es\/wp-content\/uploads\/2025\/04\/12-logo-horizontal-azul-200x148.png 200w, https:\/\/www.redttu.edu.co\/es\/wp-content\/uploads\/2025\/04\/12-logo-horizontal-azul-400x297.png 400w, https:\/\/www.redttu.edu.co\/es\/wp-content\/uploads\/2025\/04\/12-logo-horizontal-azul-600x445.png 600w, https:\/\/www.redttu.edu.co\/es\/wp-content\/uploads\/2025\/04\/12-logo-horizontal-azul-800x593.png 800w, https:\/\/www.redttu.edu.co\/es\/wp-content\/uploads\/2025\/04\/12-logo-horizontal-azul.png 1125w\" sizes=\"(min-width: 2200px) 100vw, (min-width: 824px) 359px, (min-width: 732px) 538px, (min-width: 640px) 732px, \" \/>\t\t\t<\/a>\n\t\t\t\t\t\t\t<\/div>\n<\/div><\/article><article id=\"portfolio-1-post-3254\" class=\"fusion-portfolio-post institucion_universitaria fusion-col-spacing post-3254\"><div class=\"fusion-portfolio-content-wrapper\" style=\"border:none;\"><span class=\"entry-title rich-snippet-hidden\">Instituci\u00f3n Universitaria Digital de Antioquia &#8211; IU Digital<\/span><span class=\"vcard rich-snippet-hidden\"><span class=\"fn\"><a href=\"https:\/\/www.redttu.edu.co\/es\/author\/comunicaciones\/\" title=\"Entradas de Comunicaciones\" rel=\"author\">Comunicaciones<\/a><\/span><\/span><span class=\"updated rich-snippet-hidden\">2025-04-08T17:48:55-05:00<\/span><div  class=\"fusion-image-wrapper\" aria-haspopup=\"true\">\n\t\t\t\t\t\t\t<a href=\"https:\/\/www.redttu.edu.co\/es\/portfolio-items\/iu-digital\/\" aria-label=\"Instituci\u00f3n Universitaria Digital de Antioquia &#8211; IU Digital\">\n\t\t\t\t\t\t\t<img decoding=\"async\" width=\"618\" height=\"123\" src=\"https:\/\/www.redttu.edu.co\/es\/wp-content\/uploads\/2019\/03\/11.-IU-DIGITAL.png\" class=\"attachment-full size-full wp-post-image\" alt=\"11. IU DIGITAL 2022\" srcset=\"https:\/\/www.redttu.edu.co\/es\/wp-content\/uploads\/2019\/03\/11.-IU-DIGITAL-200x40.png 200w, https:\/\/www.redttu.edu.co\/es\/wp-content\/uploads\/2019\/03\/11.-IU-DIGITAL-400x80.png 400w, https:\/\/www.redttu.edu.co\/es\/wp-content\/uploads\/2019\/03\/11.-IU-DIGITAL-600x119.png 600w, https:\/\/www.redttu.edu.co\/es\/wp-content\/uploads\/2019\/03\/11.-IU-DIGITAL.png 618w\" sizes=\"(min-width: 2200px) 100vw, (min-width: 824px) 359px, (min-width: 732px) 538px, (min-width: 640px) 732px, \" \/>\t\t\t<\/a>\n\t\t\t\t\t\t\t<\/div>\n<\/div><\/article><article id=\"portfolio-1-post-385\" class=\"fusion-portfolio-post institucion_tecnologica fusion-col-spacing post-385\"><div class=\"fusion-portfolio-content-wrapper\" style=\"border:none;\"><span class=\"entry-title rich-snippet-hidden\">Unidades Tecnol\u00f3gicas de Santander &#8211; UTS<\/span><span class=\"vcard rich-snippet-hidden\"><span class=\"fn\"><a href=\"https:\/\/www.redttu.edu.co\/es\/author\/comunicaciones\/\" title=\"Entradas de Comunicaciones\" rel=\"author\">Comunicaciones<\/a><\/span><\/span><span class=\"updated rich-snippet-hidden\">2022-06-29T14:23:12-05:00<\/span><div  class=\"fusion-image-wrapper\" aria-haspopup=\"true\">\n\t\t\t\t\t\t\t<a href=\"https:\/\/www.redttu.edu.co\/es\/portfolio-items\/unidades-tecnologicas-de-santander\/\" aria-label=\"Unidades Tecnol\u00f3gicas de Santander &#8211; UTS\">\n\t\t\t\t\t\t\t<img decoding=\"async\" width=\"534\" height=\"320\" src=\"https:\/\/www.redttu.edu.co\/es\/wp-content\/uploads\/2015\/12\/30.-UTS.png\" class=\"attachment-full size-full wp-post-image\" alt=\"30. UTS\" srcset=\"https:\/\/www.redttu.edu.co\/es\/wp-content\/uploads\/2015\/12\/30.-UTS-200x120.png 200w, https:\/\/www.redttu.edu.co\/es\/wp-content\/uploads\/2015\/12\/30.-UTS-400x240.png 400w, https:\/\/www.redttu.edu.co\/es\/wp-content\/uploads\/2015\/12\/30.-UTS.png 534w\" sizes=\"(min-width: 2200px) 100vw, (min-width: 824px) 359px, (min-width: 732px) 538px, (min-width: 640px) 732px, \" \/>\t\t\t<\/a>\n\t\t\t\t\t\t\t<\/div>\n<\/div><\/article><article id=\"portfolio-1-post-383\" class=\"fusion-portfolio-post institucion_universitaria fusion-col-spacing post-383\"><div class=\"fusion-portfolio-content-wrapper\" style=\"border:none;\"><span class=\"entry-title rich-snippet-hidden\">Unidad Central del Valle del Cauca &#8211; UCEVA<\/span><span class=\"vcard rich-snippet-hidden\"><span class=\"fn\"><a href=\"https:\/\/www.redttu.edu.co\/es\/author\/comunicaciones\/\" title=\"Entradas de Comunicaciones\" rel=\"author\">Comunicaciones<\/a><\/span><\/span><span class=\"updated rich-snippet-hidden\">2022-06-29T13:57:33-05:00<\/span><div  class=\"fusion-image-wrapper\" aria-haspopup=\"true\">\n\t\t\t\t\t\t\t<a href=\"https:\/\/www.redttu.edu.co\/es\/portfolio-items\/uceva\/\" aria-label=\"Unidad Central del Valle del Cauca &#8211; UCEVA\">\n\t\t\t\t\t\t\t<img decoding=\"async\" width=\"700\" height=\"210\" src=\"https:\/\/www.redttu.edu.co\/es\/wp-content\/uploads\/2015\/12\/29.-UCEVA.png\" class=\"attachment-full size-full wp-post-image\" alt=\"29. UCEVA\" srcset=\"https:\/\/www.redttu.edu.co\/es\/wp-content\/uploads\/2015\/12\/29.-UCEVA-200x60.png 200w, https:\/\/www.redttu.edu.co\/es\/wp-content\/uploads\/2015\/12\/29.-UCEVA-400x120.png 400w, https:\/\/www.redttu.edu.co\/es\/wp-content\/uploads\/2015\/12\/29.-UCEVA-600x180.png 600w, https:\/\/www.redttu.edu.co\/es\/wp-content\/uploads\/2015\/12\/29.-UCEVA.png 700w\" sizes=\"(min-width: 2200px) 100vw, (min-width: 824px) 359px, (min-width: 732px) 538px, (min-width: 640px) 732px, \" \/>\t\t\t<\/a>\n\t\t\t\t\t\t\t<\/div>\n<\/div><\/article><article id=\"portfolio-1-post-381\" class=\"fusion-portfolio-post institucion_universitaria fusion-col-spacing post-381\"><div class=\"fusion-portfolio-content-wrapper\" style=\"border:none;\"><span class=\"entry-title rich-snippet-hidden\">Instituci\u00f3n Universitaria Polit\u00e9cnico Colombiano Jaime Isaza Cadavid<\/span><span class=\"vcard rich-snippet-hidden\"><span class=\"fn\"><a href=\"https:\/\/www.redttu.edu.co\/es\/author\/comunicaciones\/\" title=\"Entradas de Comunicaciones\" rel=\"author\">Comunicaciones<\/a><\/span><\/span><span class=\"updated rich-snippet-hidden\">2026-04-21T16:56:13-05:00<\/span><div  class=\"fusion-image-wrapper\" aria-haspopup=\"true\">\n\t\t\t\t\t\t\t<a href=\"https:\/\/www.redttu.edu.co\/es\/portfolio-items\/jaime-isaza-cadavid\/\" aria-label=\"Instituci\u00f3n Universitaria Polit\u00e9cnico Colombiano Jaime Isaza Cadavid\">\n\t\t\t\t\t\t\t<img decoding=\"async\" width=\"536\" height=\"298\" src=\"https:\/\/www.redttu.edu.co\/es\/wp-content\/uploads\/2015\/12\/15.-POLI-JIC.png\" class=\"attachment-full size-full wp-post-image\" alt=\"15. POLI JIC\" srcset=\"https:\/\/www.redttu.edu.co\/es\/wp-content\/uploads\/2015\/12\/15.-POLI-JIC-200x111.png 200w, https:\/\/www.redttu.edu.co\/es\/wp-content\/uploads\/2015\/12\/15.-POLI-JIC-400x222.png 400w, https:\/\/www.redttu.edu.co\/es\/wp-content\/uploads\/2015\/12\/15.-POLI-JIC.png 536w\" sizes=\"(min-width: 2200px) 100vw, (min-width: 824px) 359px, (min-width: 732px) 538px, (min-width: 640px) 732px, \" \/>\t\t\t<\/a>\n\t\t\t\t\t\t\t<\/div>\n<\/div><\/article><article id=\"portfolio-1-post-379\" class=\"fusion-portfolio-post institucion_universitaria fusion-col-spacing post-379\"><div class=\"fusion-portfolio-content-wrapper\" style=\"border:none;\"><span class=\"entry-title rich-snippet-hidden\">Instituto Universitario de La Paz &#8211; UNIPAZ<\/span><span class=\"vcard rich-snippet-hidden\"><span class=\"fn\"><a href=\"https:\/\/www.redttu.edu.co\/es\/author\/comunicaciones\/\" title=\"Entradas de Comunicaciones\" rel=\"author\">Comunicaciones<\/a><\/span><\/span><span class=\"updated rich-snippet-hidden\">2022-06-29T14:03:33-05:00<\/span><div  class=\"fusion-image-wrapper\" aria-haspopup=\"true\">\n\t\t\t\t\t\t\t<a href=\"https:\/\/www.redttu.edu.co\/es\/portfolio-items\/unipaz\/\" aria-label=\"Instituto Universitario de La Paz &#8211; UNIPAZ\">\n\t\t\t\t\t\t\t<img decoding=\"async\" width=\"426\" height=\"436\" src=\"https:\/\/www.redttu.edu.co\/es\/wp-content\/uploads\/2015\/12\/28.-UNIPAZ.png\" class=\"attachment-full size-full wp-post-image\" alt=\"28. UNIPAZ\" srcset=\"https:\/\/www.redttu.edu.co\/es\/wp-content\/uploads\/2015\/12\/28.-UNIPAZ-200x205.png 200w, https:\/\/www.redttu.edu.co\/es\/wp-content\/uploads\/2015\/12\/28.-UNIPAZ-400x409.png 400w, https:\/\/www.redttu.edu.co\/es\/wp-content\/uploads\/2015\/12\/28.-UNIPAZ.png 426w\" sizes=\"(min-width: 2200px) 100vw, (min-width: 824px) 359px, (min-width: 732px) 538px, (min-width: 640px) 732px, \" \/>\t\t\t<\/a>\n\t\t\t\t\t\t\t<\/div>\n<\/div><\/article><article id=\"portfolio-1-post-377\" class=\"fusion-portfolio-post institucion_universitaria fusion-col-spacing post-377\"><div class=\"fusion-portfolio-content-wrapper\" style=\"border:none;\"><span class=\"entry-title rich-snippet-hidden\">Instituci\u00f3n Universitaria del Espinal- UNIESPINAL<\/span><span class=\"vcard rich-snippet-hidden\"><span class=\"fn\"><a href=\"https:\/\/www.redttu.edu.co\/es\/author\/comunicaciones\/\" title=\"Entradas de Comunicaciones\" rel=\"author\">Comunicaciones<\/a><\/span><\/span><span class=\"updated rich-snippet-hidden\">2026-04-21T17:02:24-05:00<\/span><div  class=\"fusion-image-wrapper\" aria-haspopup=\"true\">\n\t\t\t\t\t\t\t<a href=\"https:\/\/www.redttu.edu.co\/es\/portfolio-items\/itfip\/\" aria-label=\"Instituci\u00f3n Universitaria del Espinal- UNIESPINAL\">\n\t\t\t\t\t\t\t<img decoding=\"async\" width=\"464\" height=\"486\" src=\"https:\/\/www.redttu.edu.co\/es\/wp-content\/uploads\/2015\/12\/27.png\" class=\"attachment-full size-full wp-post-image\" alt=\"27 ITFIP\" srcset=\"https:\/\/www.redttu.edu.co\/es\/wp-content\/uploads\/2015\/12\/27-200x209.png 200w, https:\/\/www.redttu.edu.co\/es\/wp-content\/uploads\/2015\/12\/27-400x419.png 400w, https:\/\/www.redttu.edu.co\/es\/wp-content\/uploads\/2015\/12\/27.png 464w\" sizes=\"(min-width: 2200px) 100vw, (min-width: 824px) 359px, (min-width: 732px) 538px, (min-width: 640px) 732px, \" \/>\t\t\t<\/a>\n\t\t\t\t\t\t\t<\/div>\n<\/div><\/article><article id=\"portfolio-1-post-372\" class=\"fusion-portfolio-post institucion_universitaria fusion-col-spacing post-372\"><div class=\"fusion-portfolio-content-wrapper\" style=\"border:none;\"><span class=\"entry-title rich-snippet-hidden\">Instituci\u00f3n Universitaria  ITM<\/span><span class=\"vcard rich-snippet-hidden\"><span class=\"fn\"><a href=\"https:\/\/www.redttu.edu.co\/es\/author\/comunicaciones\/\" title=\"Entradas de Comunicaciones\" rel=\"author\">Comunicaciones<\/a><\/span><\/span><span class=\"updated rich-snippet-hidden\">2026-04-21T16:57:29-05:00<\/span><div  class=\"fusion-image-wrapper\" aria-haspopup=\"true\">\n\t\t\t\t\t\t\t<a href=\"https:\/\/www.redttu.edu.co\/es\/portfolio-items\/itm\/\" aria-label=\"Instituci\u00f3n Universitaria  ITM\">\n\t\t\t\t\t\t\t<img decoding=\"async\" width=\"573\" height=\"94\" src=\"https:\/\/www.redttu.edu.co\/es\/wp-content\/uploads\/2015\/12\/13.-ITM.png\" class=\"attachment-full size-full wp-post-image\" alt=\"13. ITM\" srcset=\"https:\/\/www.redttu.edu.co\/es\/wp-content\/uploads\/2015\/12\/13.-ITM-200x33.png 200w, https:\/\/www.redttu.edu.co\/es\/wp-content\/uploads\/2015\/12\/13.-ITM-400x66.png 400w, https:\/\/www.redttu.edu.co\/es\/wp-content\/uploads\/2015\/12\/13.-ITM.png 573w\" sizes=\"(min-width: 2200px) 100vw, (min-width: 824px) 359px, (min-width: 732px) 538px, (min-width: 640px) 732px, \" \/>\t\t\t<\/a>\n\t\t\t\t\t\t\t<\/div>\n<\/div><\/article><article id=\"portfolio-1-post-367\" class=\"fusion-portfolio-post institucion_universitaria fusion-col-spacing post-367\"><div class=\"fusion-portfolio-content-wrapper\" style=\"border:none;\"><span class=\"entry-title rich-snippet-hidden\">Instituci\u00f3n Universitaria del Putumayo &#8211; UNIPUTUMAYO<\/span><span class=\"vcard rich-snippet-hidden\"><span class=\"fn\"><a href=\"https:\/\/www.redttu.edu.co\/es\/author\/comunicaciones\/\" title=\"Entradas de Comunicaciones\" rel=\"author\">Comunicaciones<\/a><\/span><\/span><span class=\"updated rich-snippet-hidden\">2026-04-21T17:03:14-05:00<\/span><div  class=\"fusion-image-wrapper\" aria-haspopup=\"true\">\n\t\t\t\t\t\t\t<a href=\"https:\/\/www.redttu.edu.co\/es\/portfolio-items\/itp\/\" aria-label=\"Instituci\u00f3n Universitaria del Putumayo &#8211; UNIPUTUMAYO\">\n\t\t\t\t\t\t\t<img decoding=\"async\" width=\"608\" height=\"268\" src=\"https:\/\/www.redttu.edu.co\/es\/wp-content\/uploads\/2015\/12\/26.-ITP.png\" class=\"attachment-full size-full wp-post-image\" alt=\"26. ITP\" srcset=\"https:\/\/www.redttu.edu.co\/es\/wp-content\/uploads\/2015\/12\/26.-ITP-200x88.png 200w, https:\/\/www.redttu.edu.co\/es\/wp-content\/uploads\/2015\/12\/26.-ITP-400x176.png 400w, https:\/\/www.redttu.edu.co\/es\/wp-content\/uploads\/2015\/12\/26.-ITP-600x264.png 600w, https:\/\/www.redttu.edu.co\/es\/wp-content\/uploads\/2015\/12\/26.-ITP.png 608w\" sizes=\"(min-width: 2200px) 100vw, (min-width: 824px) 359px, (min-width: 732px) 538px, (min-width: 640px) 732px, \" \/>\t\t\t<\/a>\n\t\t\t\t\t\t\t<\/div>\n<\/div><\/article><article id=\"portfolio-1-post-365\" class=\"fusion-portfolio-post institucion_universitaria fusion-col-spacing post-365\"><div class=\"fusion-portfolio-content-wrapper\" style=\"border:none;\"><span class=\"entry-title rich-snippet-hidden\">Instituci\u00f3n Universitaria de Barranquilla &#8211; IUB<\/span><span class=\"vcard rich-snippet-hidden\"><span class=\"fn\"><a href=\"https:\/\/www.redttu.edu.co\/es\/author\/comunicaciones\/\" title=\"Entradas de Comunicaciones\" rel=\"author\">Comunicaciones<\/a><\/span><\/span><span class=\"updated rich-snippet-hidden\">2025-04-08T16:53:54-05:00<\/span><div  class=\"fusion-image-wrapper\" aria-haspopup=\"true\">\n\t\t\t\t\t\t\t<a href=\"https:\/\/www.redttu.edu.co\/es\/portfolio-items\/itsa\/\" aria-label=\"Instituci\u00f3n Universitaria de Barranquilla &#8211; IUB\">\n\t\t\t\t\t\t\t<img decoding=\"async\" width=\"562\" height=\"537\" src=\"https:\/\/www.redttu.edu.co\/es\/wp-content\/uploads\/2023\/05\/LOGO-IUB-AZUL-VERTICAL.png\" class=\"attachment-full size-full wp-post-image\" alt=\"\" srcset=\"https:\/\/www.redttu.edu.co\/es\/wp-content\/uploads\/2023\/05\/LOGO-IUB-AZUL-VERTICAL-200x191.png 200w, https:\/\/www.redttu.edu.co\/es\/wp-content\/uploads\/2023\/05\/LOGO-IUB-AZUL-VERTICAL-400x382.png 400w, https:\/\/www.redttu.edu.co\/es\/wp-content\/uploads\/2023\/05\/LOGO-IUB-AZUL-VERTICAL.png 562w\" sizes=\"(min-width: 2200px) 100vw, (min-width: 824px) 359px, (min-width: 732px) 538px, (min-width: 640px) 732px, \" \/>\t\t\t<\/a>\n\t\t\t\t\t\t\t<\/div>\n<\/div><\/article><article id=\"portfolio-1-post-363\" class=\"fusion-portfolio-post institucion_tecnica_profesional fusion-col-spacing post-363\"><div class=\"fusion-portfolio-content-wrapper\" style=\"border:none;\"><span class=\"entry-title rich-snippet-hidden\">Instituto T\u00e9cnico Nacional de Comercio Sim\u00f3n Rodriguez &#8211; INTENALCO<\/span><span class=\"vcard rich-snippet-hidden\"><span class=\"fn\"><a href=\"https:\/\/www.redttu.edu.co\/es\/author\/comunicaciones\/\" title=\"Entradas de Comunicaciones\" rel=\"author\">Comunicaciones<\/a><\/span><\/span><span class=\"updated rich-snippet-hidden\">2022-06-29T14:26:11-05:00<\/span><div  class=\"fusion-image-wrapper\" aria-haspopup=\"true\">\n\t\t\t\t\t\t\t<a href=\"https:\/\/www.redttu.edu.co\/es\/portfolio-items\/intenalco\/\" aria-label=\"Instituto T\u00e9cnico Nacional de Comercio Sim\u00f3n Rodriguez &#8211; INTENALCO\">\n\t\t\t\t\t\t\t<img decoding=\"async\" width=\"336\" height=\"440\" src=\"https:\/\/www.redttu.edu.co\/es\/wp-content\/uploads\/2015\/12\/25.-INTENALCO.png\" class=\"attachment-full size-full wp-post-image\" alt=\"25. INTENALCO\" srcset=\"https:\/\/www.redttu.edu.co\/es\/wp-content\/uploads\/2015\/12\/25.-INTENALCO-200x262.png 200w, https:\/\/www.redttu.edu.co\/es\/wp-content\/uploads\/2015\/12\/25.-INTENALCO.png 336w\" sizes=\"(min-width: 2200px) 100vw, (min-width: 824px) 359px, (min-width: 732px) 538px, (min-width: 640px) 732px, \" \/>\t\t\t<\/a>\n\t\t\t\t\t\t\t<\/div>\n<\/div><\/article><article id=\"portfolio-1-post-361\" class=\"fusion-portfolio-post institucion_universitaria fusion-col-spacing post-361\"><div class=\"fusion-portfolio-content-wrapper\" style=\"border:none;\"><span class=\"entry-title rich-snippet-hidden\">Instituci\u00f3n Universitaria T\u00e9cnica para el Desarrollo Profesional &#8211; IU Uted\u00e9<\/span><span class=\"vcard rich-snippet-hidden\"><span class=\"fn\"><a href=\"https:\/\/www.redttu.edu.co\/es\/author\/comunicaciones\/\" title=\"Entradas de Comunicaciones\" rel=\"author\">Comunicaciones<\/a><\/span><\/span><span class=\"updated rich-snippet-hidden\">2026-04-21T17:01:47-05:00<\/span><div  class=\"fusion-image-wrapper\" aria-haspopup=\"true\">\n\t\t\t\t\t\t\t<a href=\"https:\/\/www.redttu.edu.co\/es\/portfolio-items\/ita\/\" aria-label=\"Instituci\u00f3n Universitaria T\u00e9cnica para el Desarrollo Profesional &#8211; IU Uted\u00e9\">\n\t\t\t\t\t\t\t<img decoding=\"async\" width=\"901\" height=\"301\" src=\"https:\/\/www.redttu.edu.co\/es\/wp-content\/uploads\/2015\/12\/Plantilla-Taza-PatriciaMesa-de-trabajo-1.png\" class=\"attachment-full size-full wp-post-image\" alt=\"\" srcset=\"https:\/\/www.redttu.edu.co\/es\/wp-content\/uploads\/2015\/12\/Plantilla-Taza-PatriciaMesa-de-trabajo-1-200x67.png 200w, https:\/\/www.redttu.edu.co\/es\/wp-content\/uploads\/2015\/12\/Plantilla-Taza-PatriciaMesa-de-trabajo-1-400x134.png 400w, https:\/\/www.redttu.edu.co\/es\/wp-content\/uploads\/2015\/12\/Plantilla-Taza-PatriciaMesa-de-trabajo-1-600x200.png 600w, https:\/\/www.redttu.edu.co\/es\/wp-content\/uploads\/2015\/12\/Plantilla-Taza-PatriciaMesa-de-trabajo-1-800x267.png 800w, https:\/\/www.redttu.edu.co\/es\/wp-content\/uploads\/2015\/12\/Plantilla-Taza-PatriciaMesa-de-trabajo-1.png 901w\" sizes=\"(min-width: 2200px) 100vw, (min-width: 824px) 359px, (min-width: 732px) 538px, (min-width: 640px) 732px, \" \/>\t\t\t<\/a>\n\t\t\t\t\t\t\t<\/div>\n<\/div><\/article><article id=\"portfolio-1-post-357\" class=\"fusion-portfolio-post institucion_universitaria fusion-col-spacing post-357\"><div class=\"fusion-portfolio-content-wrapper\" style=\"border:none;\"><span class=\"entry-title rich-snippet-hidden\">Instituto Superior de Educaci\u00f3n Rural &#8211; ISER<\/span><span class=\"vcard rich-snippet-hidden\"><span class=\"fn\"><a href=\"https:\/\/www.redttu.edu.co\/es\/author\/comunicaciones\/\" title=\"Entradas de Comunicaciones\" rel=\"author\">Comunicaciones<\/a><\/span><\/span><span class=\"updated rich-snippet-hidden\">2025-04-08T16:58:23-05:00<\/span><div  class=\"fusion-image-wrapper\" aria-haspopup=\"true\">\n\t\t\t\t\t\t\t<a href=\"https:\/\/www.redttu.edu.co\/es\/portfolio-items\/iser\/\" aria-label=\"Instituto Superior de Educaci\u00f3n Rural &#8211; ISER\">\n\t\t\t\t\t\t\t<img decoding=\"async\" width=\"407\" height=\"396\" src=\"https:\/\/www.redttu.edu.co\/es\/wp-content\/uploads\/2015\/12\/23.-ISER.png\" class=\"attachment-full size-full wp-post-image\" alt=\"23. ISER\" srcset=\"https:\/\/www.redttu.edu.co\/es\/wp-content\/uploads\/2015\/12\/23.-ISER-200x195.png 200w, https:\/\/www.redttu.edu.co\/es\/wp-content\/uploads\/2015\/12\/23.-ISER-400x389.png 400w, https:\/\/www.redttu.edu.co\/es\/wp-content\/uploads\/2015\/12\/23.-ISER.png 407w\" sizes=\"(min-width: 2200px) 100vw, (min-width: 824px) 359px, (min-width: 732px) 538px, (min-width: 640px) 732px, \" \/>\t\t\t<\/a>\n\t\t\t\t\t\t\t<\/div>\n<\/div><\/article><article id=\"portfolio-1-post-354\" class=\"fusion-portfolio-post institucion_tecnica_profesional fusion-col-spacing post-354\"><div class=\"fusion-portfolio-content-wrapper\" style=\"border:none;\"><span class=\"entry-title rich-snippet-hidden\">Instituto Nacional de Formaci\u00f3n T\u00e9cnica Profesional de San Juan del Cesar &#8211; INFOTEP<\/span><span class=\"vcard rich-snippet-hidden\"><span class=\"fn\"><a href=\"https:\/\/www.redttu.edu.co\/es\/author\/comunicaciones\/\" title=\"Entradas de Comunicaciones\" rel=\"author\">Comunicaciones<\/a><\/span><\/span><span class=\"updated rich-snippet-hidden\">2025-04-08T16:59:20-05:00<\/span><div  class=\"fusion-image-wrapper\" aria-haspopup=\"true\">\n\t\t\t\t\t\t\t<a href=\"https:\/\/www.redttu.edu.co\/es\/portfolio-items\/infotep\/\" aria-label=\"Instituto Nacional de Formaci\u00f3n T\u00e9cnica Profesional de San Juan del Cesar &#8211; INFOTEP\">\n\t\t\t\t\t\t\t<img decoding=\"async\" width=\"608\" height=\"288\" src=\"https:\/\/www.redttu.edu.co\/es\/wp-content\/uploads\/2015\/12\/22.-INFOTEP-SAN-JUAN.png\" class=\"attachment-full size-full wp-post-image\" alt=\"22. INFOTEP SAN JUAN\" srcset=\"https:\/\/www.redttu.edu.co\/es\/wp-content\/uploads\/2015\/12\/22.-INFOTEP-SAN-JUAN-200x95.png 200w, https:\/\/www.redttu.edu.co\/es\/wp-content\/uploads\/2015\/12\/22.-INFOTEP-SAN-JUAN-400x189.png 400w, https:\/\/www.redttu.edu.co\/es\/wp-content\/uploads\/2015\/12\/22.-INFOTEP-SAN-JUAN-600x284.png 600w, https:\/\/www.redttu.edu.co\/es\/wp-content\/uploads\/2015\/12\/22.-INFOTEP-SAN-JUAN.png 608w\" sizes=\"(min-width: 2200px) 100vw, (min-width: 824px) 359px, (min-width: 732px) 538px, (min-width: 640px) 732px, \" \/>\t\t\t<\/a>\n\t\t\t\t\t\t\t<\/div>\n<\/div><\/article><article id=\"portfolio-1-post-343\" class=\"fusion-portfolio-post institucion_tecnica_profesional fusion-col-spacing post-343\"><div class=\"fusion-portfolio-content-wrapper\" style=\"border:none;\"><span class=\"entry-title rich-snippet-hidden\">Instituto Nacional de Formaci\u00f3n T\u00e9cnica Profesional San Andr\u00e9s- INFOTEPSAI<\/span><span class=\"vcard rich-snippet-hidden\"><span class=\"fn\"><a href=\"https:\/\/www.redttu.edu.co\/es\/author\/comunicaciones\/\" title=\"Entradas de Comunicaciones\" rel=\"author\">Comunicaciones<\/a><\/span><\/span><span class=\"updated rich-snippet-hidden\">2025-04-08T16:59:56-05:00<\/span><div  class=\"fusion-image-wrapper\" aria-haspopup=\"true\">\n\t\t\t\t\t\t\t<a href=\"https:\/\/www.redttu.edu.co\/es\/portfolio-items\/infotep-san-andres\/\" aria-label=\"Instituto Nacional de Formaci\u00f3n T\u00e9cnica Profesional San Andr\u00e9s- INFOTEPSAI\">\n\t\t\t\t\t\t\t<img decoding=\"async\" width=\"534\" height=\"183\" src=\"https:\/\/www.redttu.edu.co\/es\/wp-content\/uploads\/2015\/12\/20.-INFOTEP-SAI.png\" class=\"attachment-full size-full wp-post-image\" alt=\"20. INFOTEP SAI\" srcset=\"https:\/\/www.redttu.edu.co\/es\/wp-content\/uploads\/2015\/12\/20.-INFOTEP-SAI-200x69.png 200w, https:\/\/www.redttu.edu.co\/es\/wp-content\/uploads\/2015\/12\/20.-INFOTEP-SAI-400x137.png 400w, https:\/\/www.redttu.edu.co\/es\/wp-content\/uploads\/2015\/12\/20.-INFOTEP-SAI.png 534w\" sizes=\"(min-width: 2200px) 100vw, (min-width: 824px) 359px, (min-width: 732px) 538px, (min-width: 640px) 732px, \" \/>\t\t\t<\/a>\n\t\t\t\t\t\t\t<\/div>\n<\/div><\/article><article id=\"portfolio-1-post-337\" class=\"fusion-portfolio-post institucion_universitaria fusion-col-spacing post-337\"><div class=\"fusion-portfolio-content-wrapper\" style=\"border:none;\"><span class=\"entry-title rich-snippet-hidden\">Instituci\u00f3n Universitaria del Caribe &#8211; Unicaribe<\/span><span class=\"vcard rich-snippet-hidden\"><span class=\"fn\"><a href=\"https:\/\/www.redttu.edu.co\/es\/author\/comunicaciones\/\" title=\"Entradas de Comunicaciones\" rel=\"author\">Comunicaciones<\/a><\/span><\/span><span class=\"updated rich-snippet-hidden\">2026-04-21T17:04:06-05:00<\/span><div  class=\"fusion-image-wrapper\" aria-haspopup=\"true\">\n\t\t\t\t\t\t\t<a href=\"https:\/\/www.redttu.edu.co\/es\/portfolio-items\/infotephvg\/\" aria-label=\"Instituci\u00f3n Universitaria del Caribe &#8211; Unicaribe\">\n\t\t\t\t\t\t\t<img decoding=\"async\" width=\"615\" height=\"214\" src=\"https:\/\/www.redttu.edu.co\/es\/wp-content\/uploads\/2015\/12\/21.-INFOTEP-HVG.png\" class=\"attachment-full size-full wp-post-image\" alt=\"21. INFOTEP HVG\" srcset=\"https:\/\/www.redttu.edu.co\/es\/wp-content\/uploads\/2015\/12\/21.-INFOTEP-HVG-200x70.png 200w, https:\/\/www.redttu.edu.co\/es\/wp-content\/uploads\/2015\/12\/21.-INFOTEP-HVG-400x139.png 400w, https:\/\/www.redttu.edu.co\/es\/wp-content\/uploads\/2015\/12\/21.-INFOTEP-HVG-600x209.png 600w, https:\/\/www.redttu.edu.co\/es\/wp-content\/uploads\/2015\/12\/21.-INFOTEP-HVG.png 615w\" sizes=\"(min-width: 2200px) 100vw, (min-width: 824px) 359px, (min-width: 732px) 538px, (min-width: 640px) 732px, \" \/>\t\t\t<\/a>\n\t\t\t\t\t\t\t<\/div>\n<\/div><\/article><article id=\"portfolio-1-post-95\" class=\"fusion-portfolio-post institucion_universitaria fusion-col-spacing post-95\"><div class=\"fusion-portfolio-content-wrapper\" style=\"border:none;\"><span class=\"entry-title rich-snippet-hidden\">Instituto Departamental de Bellas Artes<\/span><span class=\"vcard rich-snippet-hidden\"><span class=\"fn\"><a href=\"https:\/\/www.redttu.edu.co\/es\/author\/comunicaciones\/\" title=\"Entradas de Comunicaciones\" rel=\"author\">Comunicaciones<\/a><\/span><\/span><span class=\"updated rich-snippet-hidden\">2025-04-08T17:02:22-05:00<\/span><div  class=\"fusion-image-wrapper\" aria-haspopup=\"true\">\n\t\t\t\t\t\t\t<a href=\"https:\/\/www.redttu.edu.co\/es\/portfolio-items\/bellas-artes\/\" aria-label=\"Instituto Departamental de Bellas Artes\">\n\t\t\t\t\t\t\t<img decoding=\"async\" width=\"345\" height=\"344\" src=\"https:\/\/www.redttu.edu.co\/es\/wp-content\/uploads\/2015\/12\/19.-BELLAS-ARTES.png\" class=\"attachment-full size-full wp-post-image\" alt=\"19. BELLAS ARTES\" srcset=\"https:\/\/www.redttu.edu.co\/es\/wp-content\/uploads\/2015\/12\/19.-BELLAS-ARTES-200x199.png 200w, https:\/\/www.redttu.edu.co\/es\/wp-content\/uploads\/2015\/12\/19.-BELLAS-ARTES.png 345w\" sizes=\"(min-width: 2200px) 100vw, (min-width: 824px) 359px, (min-width: 732px) 538px, (min-width: 640px) 732px, \" \/>\t\t\t<\/a>\n\t\t\t\t\t\t\t<\/div>\n<\/div><\/article><article id=\"portfolio-1-post-335\" class=\"fusion-portfolio-post institucion_tecnica_profesional fusion-col-spacing post-335\"><div class=\"fusion-portfolio-content-wrapper\" style=\"border:none;\"><span class=\"entry-title rich-snippet-hidden\">Instituto de Educaci\u00f3n T\u00e9cnica Profesional de Roldanillo &#8211; INTEP<\/span><span class=\"vcard rich-snippet-hidden\"><span class=\"fn\"><a href=\"https:\/\/www.redttu.edu.co\/es\/author\/comunicaciones\/\" title=\"Entradas de Comunicaciones\" rel=\"author\">Comunicaciones<\/a><\/span><\/span><span class=\"updated rich-snippet-hidden\">2022-06-29T14:41:42-05:00<\/span><div  class=\"fusion-image-wrapper\" aria-haspopup=\"true\">\n\t\t\t\t\t\t\t<a href=\"https:\/\/www.redttu.edu.co\/es\/portfolio-items\/intep\/\" aria-label=\"Instituto de Educaci\u00f3n T\u00e9cnica Profesional de Roldanillo &#8211; INTEP\">\n\t\t\t\t\t\t\t<img decoding=\"async\" width=\"610\" height=\"192\" src=\"https:\/\/www.redttu.edu.co\/es\/wp-content\/uploads\/2015\/12\/18.-INTEP.png\" class=\"attachment-full size-full wp-post-image\" alt=\"18. INTEP\" srcset=\"https:\/\/www.redttu.edu.co\/es\/wp-content\/uploads\/2015\/12\/18.-INTEP-200x63.png 200w, https:\/\/www.redttu.edu.co\/es\/wp-content\/uploads\/2015\/12\/18.-INTEP-400x126.png 400w, https:\/\/www.redttu.edu.co\/es\/wp-content\/uploads\/2015\/12\/18.-INTEP-600x189.png 600w, https:\/\/www.redttu.edu.co\/es\/wp-content\/uploads\/2015\/12\/18.-INTEP.png 610w\" sizes=\"(min-width: 2200px) 100vw, (min-width: 824px) 359px, (min-width: 732px) 538px, (min-width: 640px) 732px, \" \/>\t\t\t<\/a>\n\t\t\t\t\t\t\t<\/div>\n<\/div><\/article><article id=\"portfolio-1-post-333\" class=\"fusion-portfolio-post institucion_universitaria fusion-col-spacing post-333\"><div class=\"fusion-portfolio-content-wrapper\" style=\"border:none;\"><span class=\"entry-title rich-snippet-hidden\">Instituci\u00f3n Universitaria Tecnol\u00f3gico de Antioquia &#8211; TdeA<\/span><span class=\"vcard rich-snippet-hidden\"><span class=\"fn\"><a href=\"https:\/\/www.redttu.edu.co\/es\/author\/comunicaciones\/\" title=\"Entradas de Comunicaciones\" rel=\"author\">Comunicaciones<\/a><\/span><\/span><span class=\"updated rich-snippet-hidden\">2022-06-29T14:44:51-05:00<\/span><div  class=\"fusion-image-wrapper\" aria-haspopup=\"true\">\n\t\t\t\t\t\t\t<a href=\"https:\/\/www.redttu.edu.co\/es\/portfolio-items\/tecnologico-de-antioquia-tda\/\" aria-label=\"Instituci\u00f3n Universitaria Tecnol\u00f3gico de Antioquia &#8211; TdeA\">\n\t\t\t\t\t\t\t<img decoding=\"async\" width=\"697\" height=\"156\" src=\"https:\/\/www.redttu.edu.co\/es\/wp-content\/uploads\/2015\/12\/16.-TDEA.png\" class=\"attachment-full size-full wp-post-image\" alt=\"16. TDEA\" srcset=\"https:\/\/www.redttu.edu.co\/es\/wp-content\/uploads\/2015\/12\/16.-TDEA-200x45.png 200w, https:\/\/www.redttu.edu.co\/es\/wp-content\/uploads\/2015\/12\/16.-TDEA-400x90.png 400w, https:\/\/www.redttu.edu.co\/es\/wp-content\/uploads\/2015\/12\/16.-TDEA-600x134.png 600w, https:\/\/www.redttu.edu.co\/es\/wp-content\/uploads\/2015\/12\/16.-TDEA.png 697w\" sizes=\"(min-width: 2200px) 100vw, (min-width: 824px) 359px, (min-width: 732px) 538px, (min-width: 640px) 732px, \" \/>\t\t\t<\/a>\n\t\t\t\t\t\t\t<\/div>\n<\/div><\/article><article id=\"portfolio-1-post-321\" class=\"fusion-portfolio-post institucion_universitaria fusion-col-spacing post-321\"><div class=\"fusion-portfolio-content-wrapper\" style=\"border:none;\"><span class=\"entry-title rich-snippet-hidden\">Instituci\u00f3n Universitaria Pascual Bravo<\/span><span class=\"vcard rich-snippet-hidden\"><span class=\"fn\"><a href=\"https:\/\/www.redttu.edu.co\/es\/author\/comunicaciones\/\" title=\"Entradas de Comunicaciones\" rel=\"author\">Comunicaciones<\/a><\/span><\/span><span class=\"updated rich-snippet-hidden\">2026-04-21T17:05:10-05:00<\/span><div  class=\"fusion-image-wrapper\" aria-haspopup=\"true\">\n\t\t\t\t\t\t\t<a href=\"https:\/\/www.redttu.edu.co\/es\/portfolio-items\/pascual-bravo\/\" aria-label=\"Instituci\u00f3n Universitaria Pascual Bravo\">\n\t\t\t\t\t\t\t<img decoding=\"async\" width=\"668\" height=\"132\" src=\"https:\/\/www.redttu.edu.co\/es\/wp-content\/uploads\/2015\/12\/14.-PASCUAL-BRAVO.png\" class=\"attachment-full size-full wp-post-image\" alt=\"14. PASCUAL BRAVO\" srcset=\"https:\/\/www.redttu.edu.co\/es\/wp-content\/uploads\/2015\/12\/14.-PASCUAL-BRAVO-200x40.png 200w, https:\/\/www.redttu.edu.co\/es\/wp-content\/uploads\/2015\/12\/14.-PASCUAL-BRAVO-400x79.png 400w, https:\/\/www.redttu.edu.co\/es\/wp-content\/uploads\/2015\/12\/14.-PASCUAL-BRAVO-600x119.png 600w, https:\/\/www.redttu.edu.co\/es\/wp-content\/uploads\/2015\/12\/14.-PASCUAL-BRAVO.png 668w\" sizes=\"(min-width: 2200px) 100vw, (min-width: 824px) 359px, (min-width: 732px) 538px, (min-width: 640px) 732px, \" \/>\t\t\t<\/a>\n\t\t\t\t\t\t\t<\/div>\n<\/div><\/article><article id=\"portfolio-1-post-331\" class=\"fusion-portfolio-post institucion_universitaria fusion-col-spacing post-331\"><div class=\"fusion-portfolio-content-wrapper\" style=\"border:none;\"><span class=\"entry-title rich-snippet-hidden\">Instituci\u00f3n Universitaria Escuela Nacional del Deporte &#8211;  ENDEPORTE<\/span><span class=\"vcard rich-snippet-hidden\"><span class=\"fn\"><a href=\"https:\/\/www.redttu.edu.co\/es\/author\/comunicaciones\/\" title=\"Entradas de Comunicaciones\" rel=\"author\">Comunicaciones<\/a><\/span><\/span><span class=\"updated rich-snippet-hidden\">2025-04-08T17:03:46-05:00<\/span><div  class=\"fusion-image-wrapper\" aria-haspopup=\"true\">\n\t\t\t\t\t\t\t<a href=\"https:\/\/www.redttu.edu.co\/es\/portfolio-items\/endeporte\/\" aria-label=\"Instituci\u00f3n Universitaria Escuela Nacional del Deporte &#8211;  ENDEPORTE\">\n\t\t\t\t\t\t\t<img decoding=\"async\" width=\"626\" height=\"194\" src=\"https:\/\/www.redttu.edu.co\/es\/wp-content\/uploads\/2015\/12\/12.-ENDEPORTE.png\" class=\"attachment-full size-full wp-post-image\" alt=\"12. ENDEPORTE\" srcset=\"https:\/\/www.redttu.edu.co\/es\/wp-content\/uploads\/2015\/12\/12.-ENDEPORTE-200x62.png 200w, https:\/\/www.redttu.edu.co\/es\/wp-content\/uploads\/2015\/12\/12.-ENDEPORTE-400x124.png 400w, https:\/\/www.redttu.edu.co\/es\/wp-content\/uploads\/2015\/12\/12.-ENDEPORTE-600x186.png 600w, https:\/\/www.redttu.edu.co\/es\/wp-content\/uploads\/2015\/12\/12.-ENDEPORTE.png 626w\" sizes=\"(min-width: 2200px) 100vw, (min-width: 824px) 359px, (min-width: 732px) 538px, (min-width: 640px) 732px, \" \/>\t\t\t<\/a>\n\t\t\t\t\t\t\t<\/div>\n<\/div><\/article><article id=\"portfolio-1-post-327\" class=\"fusion-portfolio-post institucion_universitaria fusion-col-spacing post-327\"><div class=\"fusion-portfolio-content-wrapper\" style=\"border:none;\"><span class=\"entry-title rich-snippet-hidden\">Instituci\u00f3n Universitaria de Envigado &#8211;  IUE<\/span><span class=\"vcard rich-snippet-hidden\"><span class=\"fn\"><a href=\"https:\/\/www.redttu.edu.co\/es\/author\/comunicaciones\/\" title=\"Entradas de Comunicaciones\" rel=\"author\">Comunicaciones<\/a><\/span><\/span><span class=\"updated rich-snippet-hidden\">2025-04-08T17:05:17-05:00<\/span><div  class=\"fusion-image-wrapper\" aria-haspopup=\"true\">\n\t\t\t\t\t\t\t<a href=\"https:\/\/www.redttu.edu.co\/es\/portfolio-items\/327\/\" aria-label=\"Instituci\u00f3n Universitaria de Envigado &#8211;  IUE\">\n\t\t\t\t\t\t\t<img decoding=\"async\" width=\"530\" height=\"346\" src=\"https:\/\/www.redttu.edu.co\/es\/wp-content\/uploads\/2015\/12\/10.-IUE.png\" class=\"attachment-full size-full wp-post-image\" alt=\"10. IUE\" srcset=\"https:\/\/www.redttu.edu.co\/es\/wp-content\/uploads\/2015\/12\/10.-IUE-200x131.png 200w, https:\/\/www.redttu.edu.co\/es\/wp-content\/uploads\/2015\/12\/10.-IUE-400x261.png 400w, https:\/\/www.redttu.edu.co\/es\/wp-content\/uploads\/2015\/12\/10.-IUE.png 530w\" sizes=\"(min-width: 2200px) 100vw, (min-width: 824px) 359px, (min-width: 732px) 538px, (min-width: 640px) 732px, \" \/>\t\t\t<\/a>\n\t\t\t\t\t\t\t<\/div>\n<\/div><\/article><article id=\"portfolio-1-post-269\" class=\"fusion-portfolio-post institucion_universitaria fusion-col-spacing post-269\"><div class=\"fusion-portfolio-content-wrapper\" style=\"border:none;\"><span class=\"entry-title rich-snippet-hidden\">Instituci\u00f3n Universitaria Colegio Mayor del Cauca &#8211; UNIMAYOR<\/span><span class=\"vcard rich-snippet-hidden\"><span class=\"fn\"><a href=\"https:\/\/www.redttu.edu.co\/es\/author\/comunicaciones\/\" title=\"Entradas de Comunicaciones\" rel=\"author\">Comunicaciones<\/a><\/span><\/span><span class=\"updated rich-snippet-hidden\">2022-06-29T14:54:51-05:00<\/span><div  class=\"fusion-image-wrapper\" aria-haspopup=\"true\">\n\t\t\t\t\t\t\t<a href=\"https:\/\/www.redttu.edu.co\/es\/portfolio-items\/colegio-mayor-del-cauca\/\" aria-label=\"Instituci\u00f3n Universitaria Colegio Mayor del Cauca &#8211; UNIMAYOR\">\n\t\t\t\t\t\t\t<img decoding=\"async\" width=\"512\" height=\"477\" src=\"https:\/\/www.redttu.edu.co\/es\/wp-content\/uploads\/2015\/12\/8.-UNIMAYOR.png\" class=\"attachment-full size-full wp-post-image\" alt=\"8. UNIMAYOR\" srcset=\"https:\/\/www.redttu.edu.co\/es\/wp-content\/uploads\/2015\/12\/8.-UNIMAYOR-200x186.png 200w, https:\/\/www.redttu.edu.co\/es\/wp-content\/uploads\/2015\/12\/8.-UNIMAYOR-400x373.png 400w, https:\/\/www.redttu.edu.co\/es\/wp-content\/uploads\/2015\/12\/8.-UNIMAYOR.png 512w\" sizes=\"(min-width: 2200px) 100vw, (min-width: 824px) 359px, (min-width: 732px) 538px, (min-width: 640px) 732px, \" \/>\t\t\t<\/a>\n\t\t\t\t\t\t\t<\/div>\n<\/div><\/article><article id=\"portfolio-1-post-101\" class=\"fusion-portfolio-post institucion_universitaria fusion-col-spacing post-101\"><div class=\"fusion-portfolio-content-wrapper\" style=\"border:none;\"><span class=\"entry-title rich-snippet-hidden\">Instituci\u00f3n Universitaria Colegio Mayor de Antioquia &#8211; COLMAYOR<\/span><span class=\"vcard rich-snippet-hidden\"><span class=\"fn\"><a href=\"https:\/\/www.redttu.edu.co\/es\/author\/comunicaciones\/\" title=\"Entradas de Comunicaciones\" rel=\"author\">Comunicaciones<\/a><\/span><\/span><span class=\"updated rich-snippet-hidden\">2022-06-29T14:56:56-05:00<\/span><div  class=\"fusion-image-wrapper\" aria-haspopup=\"true\">\n\t\t\t\t\t\t\t<a href=\"https:\/\/www.redttu.edu.co\/es\/portfolio-items\/colegio-mayor-de-antioquia\/\" aria-label=\"Instituci\u00f3n Universitaria Colegio Mayor de Antioquia &#8211; COLMAYOR\">\n\t\t\t\t\t\t\t<img decoding=\"async\" width=\"672\" height=\"191\" src=\"https:\/\/www.redttu.edu.co\/es\/wp-content\/uploads\/2015\/12\/7.-COLMAYOR.png\" class=\"attachment-full size-full wp-post-image\" alt=\"7. COLMAYOR\" srcset=\"https:\/\/www.redttu.edu.co\/es\/wp-content\/uploads\/2015\/12\/7.-COLMAYOR-200x57.png 200w, https:\/\/www.redttu.edu.co\/es\/wp-content\/uploads\/2015\/12\/7.-COLMAYOR-400x114.png 400w, https:\/\/www.redttu.edu.co\/es\/wp-content\/uploads\/2015\/12\/7.-COLMAYOR-600x171.png 600w, https:\/\/www.redttu.edu.co\/es\/wp-content\/uploads\/2015\/12\/7.-COLMAYOR.png 672w\" sizes=\"(min-width: 2200px) 100vw, (min-width: 824px) 359px, (min-width: 732px) 538px, (min-width: 640px) 732px, \" \/>\t\t\t<\/a>\n\t\t\t\t\t\t\t<\/div>\n<\/div><\/article><article id=\"portfolio-1-post-388\" class=\"fusion-portfolio-post institucion_universitaria fusion-col-spacing post-388\"><div class=\"fusion-portfolio-content-wrapper\" style=\"border:none;\"><span class=\"entry-title rich-snippet-hidden\">Instituci\u00f3n Universitaria Bellas Artes y Ciencias de Bol\u00edvar &#8211; UNIBAC<\/span><span class=\"vcard rich-snippet-hidden\"><span class=\"fn\"><a href=\"https:\/\/www.redttu.edu.co\/es\/author\/comunicaciones\/\" title=\"Entradas de Comunicaciones\" rel=\"author\">Comunicaciones<\/a><\/span><\/span><span class=\"updated rich-snippet-hidden\">2022-06-29T14:58:40-05:00<\/span><div  class=\"fusion-image-wrapper\" aria-haspopup=\"true\">\n\t\t\t\t\t\t\t<a href=\"https:\/\/www.redttu.edu.co\/es\/portfolio-items\/unibac\/\" aria-label=\"Instituci\u00f3n Universitaria Bellas Artes y Ciencias de Bol\u00edvar &#8211; UNIBAC\">\n\t\t\t\t\t\t\t<img decoding=\"async\" width=\"436\" height=\"521\" src=\"https:\/\/www.redttu.edu.co\/es\/wp-content\/uploads\/2015\/12\/6.-UNIBAC.png\" class=\"attachment-full size-full wp-post-image\" alt=\"6. UNIBAC\" srcset=\"https:\/\/www.redttu.edu.co\/es\/wp-content\/uploads\/2015\/12\/6.-UNIBAC-200x239.png 200w, https:\/\/www.redttu.edu.co\/es\/wp-content\/uploads\/2015\/12\/6.-UNIBAC-400x478.png 400w, https:\/\/www.redttu.edu.co\/es\/wp-content\/uploads\/2015\/12\/6.-UNIBAC.png 436w\" sizes=\"(min-width: 2200px) 100vw, (min-width: 824px) 359px, (min-width: 732px) 538px, (min-width: 640px) 732px, \" \/>\t\t\t<\/a>\n\t\t\t\t\t\t\t<\/div>\n<\/div><\/article><article id=\"portfolio-1-post-316\" class=\"fusion-portfolio-post institucion_universitaria fusion-col-spacing post-316\"><div class=\"fusion-portfolio-content-wrapper\" style=\"border:none;\"><span class=\"entry-title rich-snippet-hidden\">Instituci\u00f3n Universitaria Antonio Jos\u00e9 Camacho &#8211; UNIAJC<\/span><span class=\"vcard rich-snippet-hidden\"><span class=\"fn\"><a href=\"https:\/\/www.redttu.edu.co\/es\/author\/comunicaciones\/\" title=\"Entradas de Comunicaciones\" rel=\"author\">Comunicaciones<\/a><\/span><\/span><span class=\"updated rich-snippet-hidden\">2022-06-29T15:00:33-05:00<\/span><div  class=\"fusion-image-wrapper\" aria-haspopup=\"true\">\n\t\t\t\t\t\t\t<a href=\"https:\/\/www.redttu.edu.co\/es\/portfolio-items\/uniajc\/\" aria-label=\"Instituci\u00f3n Universitaria Antonio Jos\u00e9 Camacho &#8211; UNIAJC\">\n\t\t\t\t\t\t\t<img decoding=\"async\" width=\"596\" height=\"259\" src=\"https:\/\/www.redttu.edu.co\/es\/wp-content\/uploads\/2015\/12\/5.-UNIAJC.png\" class=\"attachment-full size-full wp-post-image\" alt=\"5. UNIAJC\" srcset=\"https:\/\/www.redttu.edu.co\/es\/wp-content\/uploads\/2015\/12\/5.-UNIAJC-200x87.png 200w, https:\/\/www.redttu.edu.co\/es\/wp-content\/uploads\/2015\/12\/5.-UNIAJC-400x174.png 400w, https:\/\/www.redttu.edu.co\/es\/wp-content\/uploads\/2015\/12\/5.-UNIAJC.png 596w\" sizes=\"(min-width: 2200px) 100vw, (min-width: 824px) 359px, (min-width: 732px) 538px, (min-width: 640px) 732px, \" \/>\t\t\t<\/a>\n\t\t\t\t\t\t\t<\/div>\n<\/div><\/article><article id=\"portfolio-1-post-311\" class=\"fusion-portfolio-post institucion_universitaria fusion-col-spacing post-311\"><div class=\"fusion-portfolio-content-wrapper\" style=\"border:none;\"><span class=\"entry-title rich-snippet-hidden\">Instituci\u00f3n Universitaria Mayor de Cartagena &#8211; UMAYOR<\/span><span class=\"vcard rich-snippet-hidden\"><span class=\"fn\"><a href=\"https:\/\/www.redttu.edu.co\/es\/author\/comunicaciones\/\" title=\"Entradas de Comunicaciones\" rel=\"author\">Comunicaciones<\/a><\/span><\/span><span class=\"updated rich-snippet-hidden\">2025-04-08T17:07:12-05:00<\/span><div  class=\"fusion-image-wrapper\" aria-haspopup=\"true\">\n\t\t\t\t\t\t\t<a href=\"https:\/\/www.redttu.edu.co\/es\/portfolio-items\/colegio-mayor-de-bolivar-colmayor\/\" aria-label=\"Instituci\u00f3n Universitaria Mayor de Cartagena &#8211; UMAYOR\">\n\t\t\t\t\t\t\t<img decoding=\"async\" width=\"624\" height=\"380\" src=\"https:\/\/www.redttu.edu.co\/es\/wp-content\/uploads\/2015\/12\/4.-UMAYOR.png\" class=\"attachment-full size-full wp-post-image\" alt=\"4. UMAYOR\" srcset=\"https:\/\/www.redttu.edu.co\/es\/wp-content\/uploads\/2015\/12\/4.-UMAYOR-200x122.png 200w, https:\/\/www.redttu.edu.co\/es\/wp-content\/uploads\/2015\/12\/4.-UMAYOR-400x244.png 400w, https:\/\/www.redttu.edu.co\/es\/wp-content\/uploads\/2015\/12\/4.-UMAYOR-600x365.png 600w, https:\/\/www.redttu.edu.co\/es\/wp-content\/uploads\/2015\/12\/4.-UMAYOR.png 624w\" sizes=\"(min-width: 2200px) 100vw, (min-width: 824px) 359px, (min-width: 732px) 538px, (min-width: 640px) 732px, \" \/>\t\t\t<\/a>\n\t\t\t\t\t\t\t<\/div>\n<\/div><\/article><article id=\"portfolio-1-post-308\" class=\"fusion-portfolio-post institucion_tecnica_profesional fusion-col-spacing post-308\"><div class=\"fusion-portfolio-content-wrapper\" style=\"border:none;\"><span class=\"entry-title rich-snippet-hidden\">Escuela Tecnol\u00f3gica Instituto T\u00e9cnico Central &#8211; ETITC<\/span><span class=\"vcard rich-snippet-hidden\"><span class=\"fn\"><a href=\"https:\/\/www.redttu.edu.co\/es\/author\/comunicaciones\/\" title=\"Entradas de Comunicaciones\" rel=\"author\">Comunicaciones<\/a><\/span><\/span><span class=\"updated rich-snippet-hidden\">2022-06-29T15:06:17-05:00<\/span><div  class=\"fusion-image-wrapper\" aria-haspopup=\"true\">\n\t\t\t\t\t\t\t<a href=\"https:\/\/www.redttu.edu.co\/es\/portfolio-items\/instituto-tecnico-central-itc\/\" aria-label=\"Escuela Tecnol\u00f3gica Instituto T\u00e9cnico Central &#8211; ETITC\">\n\t\t\t\t\t\t\t<img decoding=\"async\" width=\"668\" height=\"490\" src=\"https:\/\/www.redttu.edu.co\/es\/wp-content\/uploads\/2015\/12\/3.-ETITC.png\" class=\"attachment-full size-full wp-post-image\" alt=\"3. ETITC\" srcset=\"https:\/\/www.redttu.edu.co\/es\/wp-content\/uploads\/2015\/12\/3.-ETITC-200x147.png 200w, https:\/\/www.redttu.edu.co\/es\/wp-content\/uploads\/2015\/12\/3.-ETITC-400x293.png 400w, https:\/\/www.redttu.edu.co\/es\/wp-content\/uploads\/2015\/12\/3.-ETITC-600x440.png 600w, https:\/\/www.redttu.edu.co\/es\/wp-content\/uploads\/2015\/12\/3.-ETITC.png 668w\" sizes=\"(min-width: 2200px) 100vw, (min-width: 824px) 359px, (min-width: 732px) 538px, (min-width: 640px) 732px, \" \/>\t\t\t<\/a>\n\t\t\t\t\t\t\t<\/div>\n<\/div><\/article><\/div><div class=\"fusion-infinite-scroll-trigger\"><\/div><div class=\"pagination infinite-scroll clearfix\" style=\"display:none;\"><span class=\"current\">1<\/span><a href=\"https:\/\/www.redttu.edu.co\/es\/wp-json\/wp\/v2\/pages\/13\/page\/2\/\" class=\"inactive\">2<\/a><a class=\"pagination-next\" rel=\"next\" href=\"https:\/\/www.redttu.edu.co\/es\/wp-json\/wp\/v2\/pages\/13\/page\/2\/\"><span class=\"page-text\">Siguiente<\/span><span class=\"page-next\"><\/span><\/a><\/div><div class=\"fusion-clearfix\"><\/div><\/div><div class=\"fusion-clearfix\"><\/div><\/div><\/div><\/div><\/div>\n","protected":false},"excerpt":{"rendered":"","protected":false},"author":1,"featured_media":0,"parent":0,"menu_order":0,"comment_status":"closed","ping_status":"closed","template":"100-width.php","meta":{"footnotes":""},"class_list":["post-13","page","type-page","status-publish","hentry"],"_links":{"self":[{"href":"https:\/\/www.redttu.edu.co\/es\/wp-json\/wp\/v2\/pages\/13","targetHints":{"allow":["GET"]}}],"collection":[{"href":"https:\/\/www.redttu.edu.co\/es\/wp-json\/wp\/v2\/pages"}],"about":[{"href":"https:\/\/www.redttu.edu.co\/es\/wp-json\/wp\/v2\/types\/page"}],"author":[{"embeddable":true,"href":"https:\/\/www.redttu.edu.co\/es\/wp-json\/wp\/v2\/users\/1"}],"replies":[{"embeddable":true,"href":"https:\/\/www.redttu.edu.co\/es\/wp-json\/wp\/v2\/comments?post=13"}],"version-history":[{"count":17,"href":"https:\/\/www.redttu.edu.co\/es\/wp-json\/wp\/v2\/pages\/13\/revisions"}],"predecessor-version":[{"id":7019,"href":"https:\/\/www.redttu.edu.co\/es\/wp-json\/wp\/v2\/pages\/13\/revisions\/7019"}],"wp:attachment":[{"href":"https:\/\/www.redttu.edu.co\/es\/wp-json\/wp\/v2\/media?parent=13"}],"curies":[{"name":"wp","href":"https:\/\/api.w.org\/{rel}","templated":true}]}}